{"id":1539,"date":"2017-05-08T12:08:48","date_gmt":"2017-05-08T12:08:48","guid":{"rendered":"http:\/\/rierge.com\/?page_id=1539"},"modified":"2020-01-29T10:43:29","modified_gmt":"2020-01-29T10:43:29","slug":"ferias-y-eventos-rierge","status":"publish","type":"page","link":"https:\/\/rierge.com\/pb\/contactar\/ferias-y-eventos-rierge\/","title":{"rendered":"Ferias y Eventos"},"content":{"rendered":"<article><div class=\"event-feria table\"><p class=\"date-event\">24\/03\/2025<\/p><div class=\"grid-10\"><img loading=\"lazy\" decoding=\"async\" width=\"280\" height=\"243\" src=\"https:\/\/rierge.com\/wp-content\/uploads\/2017\/03\/1580726226-DDX-Logo-LINEAR-VERSION-white-280x243.png\" class=\"attachment-thumbnail size-thumbnail wp-post-image\" alt=\"\" \/><\/div><div class=\"grid-80 ferias-eventos\"><h3>(Espa\u00f1ol) XDesignPRO<span class=\"zona-evento\"><\/span><\/h3><p><p class=\"qtranxs-available-languages-message qtranxs-available-languages-message-pb\">Desculpe-nos, mas este texto est\u00e1 apenas dispon\u00edvel em <a href=\"https:\/\/rierge.com\/es\/wp-json\/wp\/v2\/pages\/1539\" class=\"qtranxs-available-language-link qtranxs-available-language-link-es\" title=\"Espa\u00f1ol\">Espa\u00f1ol<\/a>.<\/p>\n<\/p><div class=\"extend\"><\/div><div class=\"clear\"><\/div><\/div><\/article><article><div class=\"event-feria table\"><p class=\"date-event\">26\/05\/2025<\/p><div class=\"grid-10\"><img loading=\"lazy\" decoding=\"async\" width=\"150\" height=\"150\" src=\"https:\/\/rierge.com\/wp-content\/uploads\/2025\/03\/ligna.jpg\" class=\"attachment-thumbnail size-thumbnail wp-post-image\" alt=\"\" srcset=\"https:\/\/rierge.com\/wp-content\/uploads\/2025\/03\/ligna.jpg 150w, https:\/\/rierge.com\/wp-content\/uploads\/2025\/03\/ligna-60x60.jpg 60w, https:\/\/rierge.com\/wp-content\/uploads\/2025\/03\/ligna-125x125.jpg 125w, https:\/\/rierge.com\/wp-content\/uploads\/2025\/03\/ligna-100x100.jpg 100w\" sizes=\"auto, (max-width: 150px) 100vw, 150px\" \/><\/div><div class=\"grid-80 ferias-eventos\"><h3>LIGNA<span class=\"zona-evento\">HANNOVER (ALEMANIA)<\/span><\/h3><p><p><span class=\"HwtZe\" lang=\"pt\"><span class=\"jCAhz ChMk0b\"><span class=\"ryNqvb\">Estaremos na LIGNA HANNOVER, visite-nos no Stand C41 Hall 13<\/span><\/span><\/span><\/p>\n<\/p><div class=\"extend\"><\/div><div class=\"clear\"><\/div><\/div><\/article><article><div class=\"event-feria table\"><p class=\"date-event\">16\/04\/2024<\/p><div class=\"grid-10\"><img loading=\"lazy\" decoding=\"async\" width=\"280\" height=\"280\" src=\"https:\/\/rierge.com\/wp-content\/uploads\/2023\/02\/20230221_113827-280x280.jpg\" class=\"attachment-thumbnail size-thumbnail wp-post-image\" alt=\"\" srcset=\"https:\/\/rierge.com\/wp-content\/uploads\/2023\/02\/20230221_113827-280x280.jpg 280w, https:\/\/rierge.com\/wp-content\/uploads\/2023\/02\/20230221_113827-60x60.jpg 60w, https:\/\/rierge.com\/wp-content\/uploads\/2023\/02\/20230221_113827-100x100.jpg 100w, https:\/\/rierge.com\/wp-content\/uploads\/2023\/02\/20230221_113827-300x300.jpg 300w\" sizes=\"auto, (max-width: 280px) 100vw, 280px\" \/><\/div><div class=\"grid-80 ferias-eventos\"><h3>FIMMA\/MADERALIA<span class=\"zona-evento\"><\/span><\/h3><p><p>&nbsp;<\/p>\n<p><span class=\"HwtZe\" lang=\"pt\"><span class=\"jCAhz ChMk0b\"><span class=\"ryNqvb\">As datas da pr\u00f3xima FIMMA\/MADERIA 24 j\u00e1 est\u00e3o confirmadas, ser\u00e1 realizada na cidade de Val\u00eancia na Espanha de 14 a 17 de Mayo de 2024. <\/span><\/span><\/span><\/p>\n<p><span class=\"HwtZe\" lang=\"pt\"><span class=\"jCAhz ChMk0b\"><span class=\"ryNqvb\">A partir deste momento come\u00e7amos a trabalhar, para poder mostrar a voc\u00ea os produtos mais avan\u00e7ados da nossa gama.<\/span><\/span><\/span><\/p>\n<p><strong><span style=\"color: #ff0000;\">Pabell\u00f3n N2 P1 Stand C11 del 14 al 17\/05\/2024<\/span><\/strong><\/p>\n<p>&nbsp;<\/p>\n<p><a href=\"https:\/\/youtu.be\/E0wRVIFJ-q0\" target=\"_blank\" rel=\"noopener\">V\u00eddeo do evento<\/a><\/p>\n<p>&nbsp;<\/p>\n<\/p><div class=\"extend\"><\/div><div class=\"clear\"><\/div><\/div><\/article><article><div class=\"event-feria table\"><p class=\"date-event\">10\/11\/2022<\/p><div class=\"grid-10\"><\/div><div class=\"grid-80 ferias-eventos\"><h3>FIMAP Portugal<span class=\"zona-evento\"><\/span><\/h3><p><p>De 10 a 12 de novembro vamos participar na Feira FIMAP, que se realiza no Porto, estaremos no Stand Alves &amp; Silva, vamos expor um centro de maquina\u00e7\u00e3o CNC Easynest Series na sua vers\u00e3o Evolution.<\/p>\n<\/p><div class=\"extend\"><\/div><div class=\"clear\"><\/div><\/div><\/article><article><div class=\"event-feria table\"><p class=\"date-event\">04\/11\/2022<\/p><div class=\"grid-10\"><\/div><div class=\"grid-80 ferias-eventos\"><h3>Houtpro+<span class=\"zona-evento\"><\/span><\/h3><p><p><span class=\"HwtZe\" lang=\"pt\"><span class=\"jCAhz ChMk0b\"><span class=\"ryNqvb\">Estaremos presentes na feira Houtpro+ em Hertogenbosch, onde junto com nosso distribuidor VIVA MACHINES, apresentaremos nossos centros de usinagem cnc para as ind\u00fastrias dos pa\u00edses do Benelux<\/span><\/span><\/span><\/p>\n<\/p><div class=\"extend\"><\/div><div class=\"clear\"><\/div><\/div><\/article><article><div class=\"event-feria table\"><p class=\"date-event\">14\/06\/2022<\/p><div class=\"grid-10\"><\/div><div class=\"grid-80 ferias-eventos\"><h3>(Espa\u00f1ol) EUROBOIS<span class=\"zona-evento\">(Fran\u00e7ais) Lyon  France<\/span><\/h3><p><\/p>\n<\/p><div class=\"extend\"><\/div><div class=\"clear\"><\/div><\/div><\/article><article><div class=\"event-feria table\"><p class=\"date-event\">10\/03\/2020<\/p><div class=\"grid-10\"><img loading=\"lazy\" decoding=\"async\" width=\"230\" height=\"100\" src=\"https:\/\/rierge.com\/wp-content\/uploads\/2020\/01\/230x100.gif\" class=\"attachment-thumbnail size-thumbnail wp-post-image\" alt=\"\" srcset=\"https:\/\/rierge.com\/wp-content\/uploads\/2020\/01\/230x100.gif 230w, https:\/\/rierge.com\/wp-content\/uploads\/2020\/01\/230x100-60x26.gif 60w, https:\/\/rierge.com\/wp-content\/uploads\/2020\/01\/230x100-125x54.gif 125w\" sizes=\"auto, (max-width: 230px) 100vw, 230px\" \/><\/div><div class=\"grid-80 ferias-eventos\"><h3>FIMMA MADERALIA 2022<span class=\"zona-evento\"><\/span><\/h3><p><p><span class=\"tlid-translation translation\"><span class=\"\" title=\"\"><span class=\"tlid-translation translation\" lang=\"pt\"><span title=\"\"><span class=\"VIiyi\" lang=\"pt\"><span class=\"JLqJ4b ChMk0b\" data-language-for-alternatives=\"pt\" data-language-to-translate-into=\"es\" data-phrase-index=\"0\" data-number-of-phrases=\"3\"><iframe loading=\"lazy\" src=\"\/\/www.youtube.com\/embed\/hFIs-HYFgiU\" width=\"560\" height=\"314\" allowfullscreen=\"allowfullscreen\"><\/iframe>De 29 de mar\u00e7o a 1 de abril de 2022, a feira FIMMA para o setor de m\u00e1quinas para trabalhar madeira ser\u00e1 realizada em Val\u00eancia, onde os fabricantes de m\u00e1quinas mais importantes se re\u00fanem a cada dois anos para apresentar seus \u00faltimos desenvolvimentos.<\/span> <span class=\"JLqJ4b ChMk0b\" data-language-for-alternatives=\"pt\" data-language-to-translate-into=\"es\" data-phrase-index=\"2\" data-number-of-phrases=\"3\">A Rierge, como faz h\u00e1 mais de 50 anos, estar\u00e1 presente no evento.<\/span><\/span> <\/span><\/span><\/span><\/span><\/p>\n<\/p><div class=\"extend\"><\/div><div class=\"clear\"><\/div><\/div><\/article><article><div class=\"event-feria table\"><p class=\"date-event\">14\/10\/2019<\/p><div class=\"grid-10\"><\/div><div class=\"grid-80 ferias-eventos\"><h3>(Espa\u00f1ol) Madera Sostenible<span class=\"zona-evento\"><\/span><\/h3><p><p>El portal del sector, presente en la celebraci\u00f3n del<a href=\"https:\/\/madera-sostenible.com\/maquinaria\/rierge-cumple-65-anos\/\" target=\"_blank\" rel=\"noopener\"> 65 aniversario de Rierge<\/a><\/p>\n<\/p><div class=\"extend\"><\/div><div class=\"clear\"><\/div><\/div><\/article><article><div class=\"event-feria table\"><p class=\"date-event\">15\/11\/2019<\/p><div class=\"grid-10\"><\/div><div class=\"grid-80 ferias-eventos\"><h3>Entrevista com Santi Riera<span class=\"zona-evento\"><\/span><\/h3><p><p><span class=\"tlid-translation translation\" lang=\"pt\"><span class=\"\" title=\"\">Por ocasi\u00e3o do 65\u00ba anivers\u00e1rio da Rierge, a Interempresas realiza uma <a href=\"http:\/\/www.interempresas.net\/Madera\/Articulos\/259222-Entrevista-a-Santi-Riera-gerente-de-Rierge.html\" target=\"_blank\" rel=\"noopener\">entrevista com o atual Diretor Geral.<\/a><\/span><\/span><\/p>\n<p>&nbsp;<\/p>\n<\/p><div class=\"extend\"><\/div><div class=\"clear\"><\/div><\/div><\/article><article><div class=\"event-feria table\"><p class=\"date-event\">14\/10\/2019<\/p><div class=\"grid-10\"><\/div><div class=\"grid-80 ferias-eventos\"><h3>Interempresas<span class=\"zona-evento\"><\/span><\/h3><p><p><span class=\"tlid-translation translation\" lang=\"pt\"><span class=\"\" title=\"\">A revista do setor ecoa a comemora\u00e7\u00e3o dos <a href=\"http:\/\/www.interempresas.net\/Madera\/Articulos\/258804-Rierge-cumple-65-anos.html\" target=\"_blank\" rel=\"noopener\">65 anos da Rierge<\/a><\/span><\/span><\/p>\n<\/p><div class=\"extend\"><\/div><div class=\"clear\"><\/div><\/div><\/article><article><div class=\"event-feria table\"><p class=\"date-event\">26\/03\/2019<\/p><div class=\"grid-10\"><img loading=\"lazy\" decoding=\"async\" width=\"100\" height=\"100\" src=\"https:\/\/rierge.com\/wp-content\/uploads\/2019\/02\/58f6373a7e16f-finnma-e1551266800464.png\" class=\"attachment-thumbnail size-thumbnail wp-post-image\" alt=\"\" \/><\/div><div class=\"grid-80 ferias-eventos\"><h3>FIMMA 2019 BENTO\/BRASIL<span class=\"zona-evento\">Bento Gon\u00e7alves - Brasil<\/span><\/h3><p><p>Neste m\u00eas de mar\u00e7o, de 26 a 29 de mar\u00e7o, a Feira FIMMA ser\u00e1 realizada em Bento Gon\u00e7alves, onde estaremos presentes.<\/p>\n<p><span class=\"tlid-translation translation\"><span class=\"\" title=\"\">Em nosso stand 554-555-556, no Pavilh\u00e3o E Rua 28.<\/span><\/span><\/p>\n<\/p><div class=\"extend\"><\/div><div class=\"clear\"><\/div><\/div><\/article><article><div class=\"event-feria table\"><p class=\"date-event\">06\/02\/2018<\/p><div class=\"grid-10\"><img loading=\"lazy\" decoding=\"async\" width=\"45\" height=\"41\" src=\"https:\/\/rierge.com\/wp-content\/uploads\/2017\/05\/Captura-de-pantalla-2017-05-19-a-las-20.30.55.png\" class=\"attachment-thumbnail size-thumbnail wp-post-image\" alt=\"\" \/><\/div><div class=\"grid-80 ferias-eventos\"><h3>FIMMA VALENCIA<span class=\"zona-evento\">Valencia<\/span><\/h3><p><p style=\"text-align: justify;\">Ser\u00e1 en Valencia durante los d\u00edas 6 al 9 de Febrero de 2018, donde tendremos la oportunidad de presentar, las \u00faltimas novedades en centros de mecanizado CNC.<\/p>\n<p>&nbsp;<\/p>\n<p><a href=\"http:\/\/www.feriavalencia.com\/plano\/\" target=\"_blank\" rel=\"noopener\"><span style=\"color: #ff6600;\"><strong>HALL 7 LEVEL 2 STAND C18<\/strong><\/span><\/a><\/p>\n<p>&nbsp;<\/p>\n<p><a href=\"http:\/\/fimma-maderalia.feriavalencia.com\/solicitud-de-entradas\/\"><span id=\"result_box\" class=\"short_text\" lang=\"pt\"><span class=\"\">OBTENHA A SUA ENTRADA GRATUITA<\/span><\/span><\/a><\/p>\n<p><span id=\"result_box\" class=\"short_text\" lang=\"pt\"><span class=\"\">V\u00eddeo durante a celebra\u00e7\u00e3o do evento.<\/span><\/span><\/p>\n<p><iframe loading=\"lazy\" src=\"\/\/www.youtube.com\/embed\/l5e5jG4Gp1g\" width=\"560\" height=\"314\" allowfullscreen=\"allowfullscreen\"><\/iframe><\/p>\n<\/p><div class=\"extend\"><\/div><div class=\"clear\"><\/div><\/div><\/article><article><div class=\"event-feria table\"><p class=\"date-event\">13\/07\/2017<\/p><div class=\"grid-10\"><img loading=\"lazy\" decoding=\"async\" width=\"38\" height=\"40\" src=\"https:\/\/rierge.com\/wp-content\/uploads\/2017\/05\/Captura-de-pantalla-2017-05-19-a-las-20.31.04.png\" class=\"attachment-thumbnail size-thumbnail wp-post-image\" alt=\"\" \/><\/div><div class=\"grid-80 ferias-eventos\"><h3>(Espa\u00f1ol) Presentaci\u00f3n Renishaw<span class=\"zona-evento\">(Espa\u00f1ol) Rierge Planta II<\/span><\/h3><p><p style=\"text-align: justify;\">En nuestras instalaciones de Martorelles, tendr\u00e1 lugar el pr\u00f3ximo dia 13 de Julio a las 9 a.m., la presentaci\u00f3n por porte de Renishaw de: Sonda de RMP600 y de los softwares NC-Checker y NC-Perfectpart.<\/p>\n<p> <a href=\"https:\/\/rierge.com\/pb\/evento\/presentacion-renishaw\/#more-2799\" class=\"more-link\"><\/p>\n<p class=\"plus-event\">INFO<\/p>\n<p><\/a><\/p>\n<\/p><div class=\"extend\"><\/p>\n<p style=\"text-align: justify;\"><a href=\"http:\/\/www.renishaw.es\/es\/sonda-de-contacto-de-alta-precision-rmp600--8880\" target=\"_blank\" rel=\"noopener\"><strong>RMP600<\/strong><\/a> es una sonda de contacto compacta de alta precisi\u00f3n, con transmisi\u00f3n por se\u00f1ales de radio, que proporciona todas las ventajas de la preparaci\u00f3n autom\u00e1tica de trabajos, adem\u00e1s de la capacidad para medir geometr\u00edas de piezas 3D complejas en centros de mecanizado de cualquier tama\u00f1o incluidas las m\u00e1quinas multitarea.<\/p>\n<p style=\"text-align: justify;\">\n<p style=\"text-align: justify;\"><span id=\"result_box\" class=\"\" lang=\"es\"><a href=\"http:\/\/metsoftpro.com\/nc-checker\/\" target=\"_blank\" rel=\"noopener\"><strong>NC-Checker<\/strong><\/a> comprueba r\u00e1pidamente los movimientos lineales y rotativos de su m\u00e1quina herramienta y combina los resultados en un solo informe. Al comprobar las tolerancias de su m\u00e1quina herramienta, NC-Checker proporciona un nivel de diagn\u00f3stico de la m\u00e1quina herramienta. Los diagn\u00f3sticos le permiten confirmar la precisi\u00f3n de su m\u00e1quina-herramienta de 5 ejes.<\/span><\/p>\n<p style=\"text-align: justify;\">La configuraci\u00f3n de piezas defectuosas y la fijaci\u00f3n tambi\u00e9n pueden ser una raz\u00f3n para partes inexactas.<span class=\"\"><br \/>\n <\/span><\/p>\n<p style=\"text-align: justify;\">\n<p style=\"text-align: justify;\"><span id=\"result_box\" class=\"\" lang=\"es\">Tradicionalmente, los errores de producci\u00f3n se descubren en la inspecci\u00f3n final despu\u00e9s de que la pieza ha sido mecanizada.<\/span><strong> <\/strong><a href=\"http:\/\/metsoftpro.com\/nc-perfectpart\/\" target=\"_blank\" rel=\"noopener\"><strong>NC-PerfectPart <\/strong><\/a><span id=\"result_box\" class=\"\" lang=\"es\"> identifica e informa errores antes de cortar cualquier material. Minimizaci\u00f3n de costes, retrabajos manuales y concesiones, mientras que la productividad de la m\u00e1quina se maximiza.<\/span><\/p>\n<p style=\"text-align: justify;\"><span class=\"\">A pesar de sonar como un sue\u00f1o, es una realidad para las muchas empresas que utilizan el premiado sistema de MSP para eliminar errores de la producci\u00f3n parcial.<\/span><\/p>\n<p>&nbsp;<\/p>\n<\/div><div class=\"clear\"><\/div><\/div><\/article>\n<p>&nbsp;<\/p>\n<div class=\"banner-shortcode\" style=\"background: url(https:\/\/rierge.com\/wp-content\/uploads\/2026\/02\/1.-Info-web-Cartel-RIERGEpdf.png) no-repeat;\n\n  width: 100%;\n  height:552px;\n  background-position: center left;\n  display:block;\n  \n\"><div class=\"content_short\"><p class=\"qtranxs-available-languages-message qtranxs-available-languages-message-pb\">Desculpe-nos, mas este texto est\u00e1 apenas dispon\u00edvel em <a href=\"https:\/\/rierge.com\/es\/wp-json\/wp\/v2\/pages\/1539\" class=\"qtranxs-available-language-link qtranxs-available-language-link-es\" title=\"Espa\u00f1ol\">Espa\u00f1ol<\/a> y <a href=\"https:\/\/rierge.com\/ca\/wp-json\/wp\/v2\/pages\/1539\" class=\"qtranxs-available-language-link qtranxs-available-language-link-ca\" title=\"Catal\u00e0\">Catal\u00e0<\/a>.<\/p><\/div><\/div><div class=\"clear\"><\/div>\n<p>&nbsp;<\/p>\n<p style=\"text-align: center;\"><ul class=\"videos\"><li class=\"grid-70\"><iframe loading=\"lazy\" width=\"100%\" height=\"250\" src=\"https:\/\/www.youtube.com\/embed\/6UbKNKBYW9w?rel=0\" frameborder=\"0\" allowfullscreen><\/iframe><\/ul><\/p>\n","protected":false},"excerpt":{"rendered":"<p>&nbsp; &nbsp;<\/p>\n","protected":false},"author":1,"featured_media":4692,"parent":212,"menu_order":20,"comment_status":"closed","ping_status":"closed","template":"","meta":{"_mc_calendar":[],"footnotes":""},"class_list":["post-1539","page","type-page","status-publish","has-post-thumbnail","hentry"],"yoast_head":"<!-- This site is optimized with the Yoast SEO Premium plugin v18.4 (Yoast SEO v24.9) - https:\/\/yoast.com\/wordpress\/plugins\/seo\/ -->\n<title>Ferias y Eventos - RIERGE<\/title>\n<meta name=\"robots\" content=\"index, follow, max-snippet:-1, max-image-preview:large, max-video-preview:-1\" \/>\n<link rel=\"canonical\" href=\"https:\/\/rierge.com\/es\/contactar\/ferias-y-eventos\/\" \/>\n<meta property=\"og:locale\" content=\"pt_BR\" \/>\n<meta property=\"og:type\" content=\"article\" \/>\n<meta property=\"og:title\" content=\"[:es]Ferias y Eventos[:ca]Fires i Esdeveniments[:en]Fairs and Events[:fr]Foires &amp; \u00c9v\u00e9nements[:pb]Ferias y Eventos[:]\" \/>\n<meta property=\"og:description\" content=\"&nbsp;  &nbsp;\" \/>\n<meta property=\"og:url\" content=\"https:\/\/rierge.com\/es\/contactar\/ferias-y-eventos\/\" \/>\n<meta property=\"og:site_name\" content=\"RIERGE\" \/>\n<meta property=\"article:modified_time\" content=\"2020-01-29T10:43:29+00:00\" \/>\n<meta property=\"og:image\" content=\"https:\/\/rierge.com\/wp-content\/uploads\/2018\/02\/panoramica-stand.jpg\" \/>\n\t<meta property=\"og:image:width\" content=\"1299\" \/>\n\t<meta property=\"og:image:height\" content=\"230\" \/>\n\t<meta property=\"og:image:type\" content=\"image\/jpeg\" \/>\n<meta name=\"twitter:card\" content=\"summary_large_image\" \/>\n<script type=\"application\/ld+json\" class=\"yoast-schema-graph\">{\"@context\":\"https:\/\/schema.org\",\"@graph\":[{\"@type\":\"WebPage\",\"@id\":\"https:\/\/rierge.com\/es\/contactar\/ferias-y-eventos\/\",\"url\":\"https:\/\/rierge.com\/es\/contactar\/ferias-y-eventos\/\",\"name\":\"[:es]Ferias y Eventos[:ca]Fires i Esdeveniments[:en]Fairs and Events[:fr]Foires & \u00c9v\u00e9nements[:pb]Ferias y Eventos[:] - RIERGE\",\"isPartOf\":{\"@id\":\"https:\/\/rierge.com\/en\/#website\"},\"primaryImageOfPage\":{\"@id\":\"https:\/\/rierge.com\/es\/contactar\/ferias-y-eventos\/#primaryimage\"},\"image\":{\"@id\":\"https:\/\/rierge.com\/es\/contactar\/ferias-y-eventos\/#primaryimage\"},\"thumbnailUrl\":\"https:\/\/rierge.com\/wp-content\/uploads\/2018\/02\/panoramica-stand.jpg\",\"datePublished\":\"2017-05-08T12:08:48+00:00\",\"dateModified\":\"2020-01-29T10:43:29+00:00\",\"breadcrumb\":{\"@id\":\"https:\/\/rierge.com\/es\/contactar\/ferias-y-eventos\/#breadcrumb\"},\"inLanguage\":\"pt-BR\",\"potentialAction\":[{\"@type\":\"ReadAction\",\"target\":[\"https:\/\/rierge.com\/es\/contactar\/ferias-y-eventos\/\"]}]},{\"@type\":\"ImageObject\",\"inLanguage\":\"pt-BR\",\"@id\":\"https:\/\/rierge.com\/es\/contactar\/ferias-y-eventos\/#primaryimage\",\"url\":\"https:\/\/rierge.com\/wp-content\/uploads\/2018\/02\/panoramica-stand.jpg\",\"contentUrl\":\"https:\/\/rierge.com\/wp-content\/uploads\/2018\/02\/panoramica-stand.jpg\",\"width\":1299,\"height\":230},{\"@type\":\"BreadcrumbList\",\"@id\":\"https:\/\/rierge.com\/es\/contactar\/ferias-y-eventos\/#breadcrumb\",\"itemListElement\":[{\"@type\":\"ListItem\",\"position\":1,\"name\":\"Home\",\"item\":\"https:\/\/rierge.com\/\"},{\"@type\":\"ListItem\",\"position\":2,\"name\":\"Contactar\",\"item\":\"https:\/\/rierge.com\/es\/contactar\/\"},{\"@type\":\"ListItem\",\"position\":3,\"name\":\"Ferias y Eventos\"}]},{\"@type\":\"WebSite\",\"@id\":\"https:\/\/rierge.com\/en\/#website\",\"url\":\"https:\/\/rierge.com\/en\/\",\"name\":\"RIERGE\",\"description\":\"\",\"publisher\":{\"@id\":\"https:\/\/rierge.com\/en\/#organization\"},\"potentialAction\":[{\"@type\":\"SearchAction\",\"target\":{\"@type\":\"EntryPoint\",\"urlTemplate\":\"https:\/\/rierge.com\/en\/?s={search_term_string}\"},\"query-input\":{\"@type\":\"PropertyValueSpecification\",\"valueRequired\":true,\"valueName\":\"search_term_string\"}}],\"inLanguage\":\"pt-BR\"},{\"@type\":\"Organization\",\"@id\":\"https:\/\/rierge.com\/en\/#organization\",\"name\":\"Rierge\",\"url\":\"https:\/\/rierge.com\/en\/\",\"logo\":{\"@type\":\"ImageObject\",\"inLanguage\":\"pt-BR\",\"@id\":\"https:\/\/rierge.com\/en\/#\/schema\/logo\/image\/\",\"url\":\"https:\/\/rierge.com\/wp-content\/uploads\/2017\/06\/logo-rierge-desde-1954.jpg\",\"contentUrl\":\"https:\/\/rierge.com\/wp-content\/uploads\/2017\/06\/logo-rierge-desde-1954.jpg\",\"width\":180,\"height\":50,\"caption\":\"Rierge\"},\"image\":{\"@id\":\"https:\/\/rierge.com\/en\/#\/schema\/logo\/image\/\"}}]}<\/script>\n<!-- \/ Yoast SEO Premium plugin. -->","yoast_head_json":{"title":"[:es]Ferias y Eventos[:ca]Fires i Esdeveniments[:en]Fairs and Events[:fr]Foires & \u00c9v\u00e9nements[:pb]Ferias y Eventos[:] - RIERGE","robots":{"index":"index","follow":"follow","max-snippet":"max-snippet:-1","max-image-preview":"max-image-preview:large","max-video-preview":"max-video-preview:-1"},"canonical":"https:\/\/rierge.com\/es\/contactar\/ferias-y-eventos\/","og_locale":"pt_BR","og_type":"article","og_title":"[:es]Ferias y Eventos[:ca]Fires i Esdeveniments[:en]Fairs and Events[:fr]Foires & \u00c9v\u00e9nements[:pb]Ferias y Eventos[:]","og_description":"&nbsp;  &nbsp;","og_url":"https:\/\/rierge.com\/es\/contactar\/ferias-y-eventos\/","og_site_name":"RIERGE","article_modified_time":"2020-01-29T10:43:29+00:00","og_image":[{"width":1299,"height":230,"url":"https:\/\/rierge.com\/wp-content\/uploads\/2018\/02\/panoramica-stand.jpg","type":"image\/jpeg"}],"twitter_card":"summary_large_image","schema":{"@context":"https:\/\/schema.org","@graph":[{"@type":"WebPage","@id":"https:\/\/rierge.com\/es\/contactar\/ferias-y-eventos\/","url":"https:\/\/rierge.com\/es\/contactar\/ferias-y-eventos\/","name":"[:es]Ferias y Eventos[:ca]Fires i Esdeveniments[:en]Fairs and Events[:fr]Foires & \u00c9v\u00e9nements[:pb]Ferias y Eventos[:] - RIERGE","isPartOf":{"@id":"https:\/\/rierge.com\/en\/#website"},"primaryImageOfPage":{"@id":"https:\/\/rierge.com\/es\/contactar\/ferias-y-eventos\/#primaryimage"},"image":{"@id":"https:\/\/rierge.com\/es\/contactar\/ferias-y-eventos\/#primaryimage"},"thumbnailUrl":"https:\/\/rierge.com\/wp-content\/uploads\/2018\/02\/panoramica-stand.jpg","datePublished":"2017-05-08T12:08:48+00:00","dateModified":"2020-01-29T10:43:29+00:00","breadcrumb":{"@id":"https:\/\/rierge.com\/es\/contactar\/ferias-y-eventos\/#breadcrumb"},"inLanguage":"pt-BR","potentialAction":[{"@type":"ReadAction","target":["https:\/\/rierge.com\/es\/contactar\/ferias-y-eventos\/"]}]},{"@type":"ImageObject","inLanguage":"pt-BR","@id":"https:\/\/rierge.com\/es\/contactar\/ferias-y-eventos\/#primaryimage","url":"https:\/\/rierge.com\/wp-content\/uploads\/2018\/02\/panoramica-stand.jpg","contentUrl":"https:\/\/rierge.com\/wp-content\/uploads\/2018\/02\/panoramica-stand.jpg","width":1299,"height":230},{"@type":"BreadcrumbList","@id":"https:\/\/rierge.com\/es\/contactar\/ferias-y-eventos\/#breadcrumb","itemListElement":[{"@type":"ListItem","position":1,"name":"Home","item":"https:\/\/rierge.com\/"},{"@type":"ListItem","position":2,"name":"Contactar","item":"https:\/\/rierge.com\/es\/contactar\/"},{"@type":"ListItem","position":3,"name":"Ferias y Eventos"}]},{"@type":"WebSite","@id":"https:\/\/rierge.com\/en\/#website","url":"https:\/\/rierge.com\/en\/","name":"RIERGE","description":"","publisher":{"@id":"https:\/\/rierge.com\/en\/#organization"},"potentialAction":[{"@type":"SearchAction","target":{"@type":"EntryPoint","urlTemplate":"https:\/\/rierge.com\/en\/?s={search_term_string}"},"query-input":{"@type":"PropertyValueSpecification","valueRequired":true,"valueName":"search_term_string"}}],"inLanguage":"pt-BR"},{"@type":"Organization","@id":"https:\/\/rierge.com\/en\/#organization","name":"Rierge","url":"https:\/\/rierge.com\/en\/","logo":{"@type":"ImageObject","inLanguage":"pt-BR","@id":"https:\/\/rierge.com\/en\/#\/schema\/logo\/image\/","url":"https:\/\/rierge.com\/wp-content\/uploads\/2017\/06\/logo-rierge-desde-1954.jpg","contentUrl":"https:\/\/rierge.com\/wp-content\/uploads\/2017\/06\/logo-rierge-desde-1954.jpg","width":180,"height":50,"caption":"Rierge"},"image":{"@id":"https:\/\/rierge.com\/en\/#\/schema\/logo\/image\/"}}]}},"_links":{"self":[{"href":"https:\/\/rierge.com\/pb\/wp-json\/wp\/v2\/pages\/1539","targetHints":{"allow":["GET"]}}],"collection":[{"href":"https:\/\/rierge.com\/pb\/wp-json\/wp\/v2\/pages"}],"about":[{"href":"https:\/\/rierge.com\/pb\/wp-json\/wp\/v2\/types\/page"}],"author":[{"embeddable":true,"href":"https:\/\/rierge.com\/pb\/wp-json\/wp\/v2\/users\/1"}],"replies":[{"embeddable":true,"href":"https:\/\/rierge.com\/pb\/wp-json\/wp\/v2\/comments?post=1539"}],"version-history":[{"count":0,"href":"https:\/\/rierge.com\/pb\/wp-json\/wp\/v2\/pages\/1539\/revisions"}],"up":[{"embeddable":true,"href":"https:\/\/rierge.com\/pb\/wp-json\/wp\/v2\/pages\/212"}],"wp:featuredmedia":[{"embeddable":true,"href":"https:\/\/rierge.com\/pb\/wp-json\/wp\/v2\/media\/4692"}],"wp:attachment":[{"href":"https:\/\/rierge.com\/pb\/wp-json\/wp\/v2\/media?parent=1539"}],"curies":[{"name":"wp","href":"https:\/\/api.w.org\/{rel}","templated":true}]}}