{"id":2377,"date":"2017-05-29T15:54:44","date_gmt":"2017-05-29T15:54:44","guid":{"rendered":"http:\/\/rierge.com\/es\/my-calendar\/"},"modified":"2017-09-02T08:01:12","modified_gmt":"2017-09-02T08:01:12","slug":"my-calendar","status":"publish","type":"page","link":"https:\/\/rierge.com\/es\/contactar\/my-calendar\/","title":{"rendered":"Calendario RIERGE"},"content":{"rendered":"<p><\/p>\n<p>Calendario laboral oficial, de Rierge Sede Central ubicada en Barcelona, las delegaciones se rigen por un calendario diferente, adaptado a sus pa\u00edses. Consultar en Delegaciones.<\/p>\n<table>\n<tbody>\n<tr>\n<td style=\"width: 60%; text-align: left; vertical-align: top;\">\n\n<table cellspacing=\"1\" cellpadding=\"0\" class=\"calendar-table\">\n<tr>\n        <td colspan=\"7\" class=\"calendar-date-switcher\">\n            <form method=\"get\" action=\"\/es\/wp-json\/wp\/v2\/pages\/2377\">\n\n            Mes: <select name=\"calendar_month\" style=\"width:100px;\">\n            <option value=\"jan\">Enero<\/option>\n            <option value=\"feb\">Febrero<\/option>\n            <option value=\"mar\">Marzo<\/option>\n            <option value=\"apr\">Abril<\/option>\n            <option value=\"may\" selected=\"selected\">Mayo<\/option>\n            <option value=\"jun\">Junio<\/option>\n            <option value=\"jul\">Julio<\/option> \n            <option value=\"aug\">Agosto<\/option> \n            <option value=\"sep\">Septiembre<\/option>\n            <option value=\"oct\">Octubre<\/option> \n            <option value=\"nov\">Noviembre<\/option> \n            <option value=\"dec\">Diciembre<\/option> \n            <\/select>\n            A\u00f1o: <select name=\"calendar_yr\" style=\"width:60px;\">\n            <option value=\"1996\">1996<\/option>\n            <option value=\"1997\">1997<\/option>\n            <option value=\"1998\">1998<\/option>\n            <option value=\"1999\">1999<\/option>\n            <option value=\"2000\">2000<\/option>\n            <option value=\"2001\">2001<\/option>\n            <option value=\"2002\">2002<\/option>\n            <option value=\"2003\">2003<\/option>\n            <option value=\"2004\">2004<\/option>\n            <option value=\"2005\">2005<\/option>\n            <option value=\"2006\">2006<\/option>\n            <option value=\"2007\">2007<\/option>\n            <option value=\"2008\">2008<\/option>\n            <option value=\"2009\">2009<\/option>\n            <option value=\"2010\">2010<\/option>\n            <option value=\"2011\">2011<\/option>\n            <option value=\"2012\">2012<\/option>\n            <option value=\"2013\">2013<\/option>\n            <option value=\"2014\">2014<\/option>\n            <option value=\"2015\">2015<\/option>\n            <option value=\"2016\">2016<\/option>\n            <option value=\"2017\">2017<\/option>\n            <option value=\"2018\">2018<\/option>\n            <option value=\"2019\">2019<\/option>\n            <option value=\"2020\">2020<\/option>\n            <option value=\"2021\">2021<\/option>\n            <option value=\"2022\">2022<\/option>\n            <option value=\"2023\">2023<\/option>\n            <option value=\"2024\">2024<\/option>\n            <option value=\"2025\">2025<\/option>\n            <option value=\"2026\" selected=\"selected\">2026<\/option>\n            <option value=\"2027\">2027<\/option>\n            <option value=\"2028\">2028<\/option>\n            <option value=\"2029\">2029<\/option>\n            <option value=\"2030\">2030<\/option>\n            <option value=\"2031\">2031<\/option>\n            <option value=\"2032\">2032<\/option>\n            <option value=\"2033\">2033<\/option>\n            <option value=\"2034\">2034<\/option>\n            <option value=\"2035\">2035<\/option>\n            <option value=\"2036\">2036<\/option>\n            <option value=\"2037\">2037<\/option>\n            <option value=\"2038\">2038<\/option>\n            <option value=\"2039\">2039<\/option>\n            <option value=\"2040\">2040<\/option>\n            <option value=\"2041\">2041<\/option>\n            <option value=\"2042\">2042<\/option>\n            <option value=\"2043\">2043<\/option>\n            <option value=\"2044\">2044<\/option>\n            <option value=\"2045\">2045<\/option>\n            <option value=\"2046\">2046<\/option>\n            <option value=\"2047\">2047<\/option>\n            <option value=\"2048\">2048<\/option>\n            <option value=\"2049\">2049<\/option>\n            <option value=\"2050\">2050<\/option>\n            <option value=\"2051\">2051<\/option>\n            <option value=\"2052\">2052<\/option>\n            <option value=\"2053\">2053<\/option>\n            <option value=\"2054\">2054<\/option>\n            <option value=\"2055\">2055<\/option>\n<\/select>\n            <input type=\"submit\" value=\"Ir\" \/>\n            <\/form>\n        <\/td>\n<\/tr>\n<tr>\n                <td colspan=\"7\" class=\"calendar-heading\">\n                    <table border=\"0\" cellpadding=\"0\" cellspacing=\"0\" width=\"100%\">\n                    <tr>\n                    <td class=\"calendar-prev\"><a href=\"https:\/\/rierge.com\/es\/contactar\/my-calendar\/?calendar_month=apr&amp;calendar_yr=2026\">&laquo; Anterior<\/a><\/td>\n                    <td class=\"calendar-month\">Mayo 2026<\/td>\n                    <td class=\"calendar-next\"><a href=\"https:\/\/rierge.com\/es\/contactar\/my-calendar\/?calendar_month=jun&amp;calendar_yr=2026\">Siguiente &raquo;<\/a><\/td>\n                    <\/tr>\n                    <\/table>\n                <\/td>\n<\/tr>\n<tr>\n        <td class=\"normal-day-heading\">Lunes<\/td>\n        <td class=\"normal-day-heading\">Martes<\/td>\n        <td class=\"normal-day-heading\">Mi\u00e9rcoles<\/td>\n        <td class=\"normal-day-heading\">Jueves<\/td>\n        <td class=\"normal-day-heading\">Viernes<\/td>\n        <td class=\"weekend-heading\">S\u00e1bado<\/td>\n        <td class=\"weekend-heading\">Domingo<\/td>\n<\/tr>\n<tr>\n        <td class=\"day-without-date\">&nbsp;<\/td>\n        <td class=\"day-without-date\">&nbsp;<\/td>\n        <td class=\"day-without-date\">&nbsp;<\/td>\n        <td class=\"day-without-date\">&nbsp;<\/td>\n        <td class=\"current-day\"><span >1<\/span><span class=\"event\"><br \/><span class=\"calendar_bullet\" style=\"position:relative;display:inline;width:unset;background:none;\">* <\/span><span class=\"calnk\"><a href=\"#\" >Festivo Nacional Trabajo<span ><span class=\"event-title\" >Festivo Nacional Trabajo<\/span><br \/>\n<span class=\"event-title-break\"><\/span><br \/><strong>Hora:<\/strong> 3:58 pm<br \/><span class=\"event-content-break\"><\/span><br \/><\/span><\/a><\/span><br \/><\/span><\/td>\n        <td class=\"day-with-date no-events\"><span class=\"weekend\">2<\/span><span class=\"event\"><br \/><\/span><\/td>\n        <td class=\"day-with-date no-events\"><span class=\"weekend\">3<\/span><span class=\"event\"><br \/><\/span><\/td>\n<\/tr>\n<tr>\n        <td class=\"day-with-date no-events\"><span >4<\/span><span class=\"event\"><br \/><\/span><\/td>\n        <td class=\"day-with-date no-events\"><span >5<\/span><span class=\"event\"><br \/><\/span><\/td>\n        <td class=\"day-with-date no-events\"><span >6<\/span><span class=\"event\"><br \/><\/span><\/td>\n        <td class=\"day-with-date no-events\"><span >7<\/span><span class=\"event\"><br \/><\/span><\/td>\n        <td class=\"day-with-date no-events\"><span >8<\/span><span class=\"event\"><br \/><\/span><\/td>\n        <td class=\"day-with-date no-events\"><span class=\"weekend\">9<\/span><span class=\"event\"><br \/><\/span><\/td>\n        <td class=\"day-with-date no-events\"><span class=\"weekend\">10<\/span><span class=\"event\"><br \/><\/span><\/td>\n<\/tr>\n<tr>\n        <td class=\"day-with-date no-events\"><span >11<\/span><span class=\"event\"><br \/><\/span><\/td>\n        <td class=\"day-with-date no-events\"><span >12<\/span><span class=\"event\"><br \/><\/span><\/td>\n        <td class=\"day-with-date no-events\"><span >13<\/span><span class=\"event\"><br \/><\/span><\/td>\n        <td class=\"day-with-date no-events\"><span >14<\/span><span class=\"event\"><br \/><\/span><\/td>\n        <td class=\"day-with-date no-events\"><span >15<\/span><span class=\"event\"><br \/><\/span><\/td>\n        <td class=\"day-with-date no-events\"><span class=\"weekend\">16<\/span><span class=\"event\"><br \/><\/span><\/td>\n        <td class=\"day-with-date no-events\"><span class=\"weekend\">17<\/span><span class=\"event\"><br \/><\/span><\/td>\n<\/tr>\n<tr>\n        <td class=\"day-with-date no-events\"><span >18<\/span><span class=\"event\"><br \/><\/span><\/td>\n        <td class=\"day-with-date no-events\"><span >19<\/span><span class=\"event\"><br \/><\/span><\/td>\n        <td class=\"day-with-date no-events\"><span >20<\/span><span class=\"event\"><br \/><\/span><\/td>\n        <td class=\"day-with-date no-events\"><span >21<\/span><span class=\"event\"><br \/><\/span><\/td>\n        <td class=\"day-with-date no-events\"><span >22<\/span><span class=\"event\"><br \/><\/span><\/td>\n        <td class=\"day-with-date no-events\"><span class=\"weekend\">23<\/span><span class=\"event\"><br \/><\/span><\/td>\n        <td class=\"day-with-date no-events\"><span class=\"weekend\">24<\/span><span class=\"event\"><br \/><\/span><\/td>\n<\/tr>\n<tr>\n        <td class=\"day-with-date no-events\"><span >25<\/span><span class=\"event\"><br \/><\/span><\/td>\n        <td class=\"day-with-date no-events\"><span >26<\/span><span class=\"event\"><br \/><\/span><\/td>\n        <td class=\"day-with-date no-events\"><span >27<\/span><span class=\"event\"><br \/><\/span><\/td>\n        <td class=\"day-with-date no-events\"><span >28<\/span><span class=\"event\"><br \/><\/span><\/td>\n        <td class=\"day-with-date no-events\"><span >29<\/span><span class=\"event\"><br \/><\/span><\/td>\n        <td class=\"day-with-date no-events\"><span class=\"weekend\">30<\/span><span class=\"event\"><br \/><\/span><\/td>\n        <td class=\"day-with-date no-events\"><span class=\"weekend\">31<\/span><span class=\"event\"><br \/><\/span><\/td>\n<\/tr>\n<\/table>\n<div class=\"kjo-link\" style=\"visibility:visible !important;display:block !important;\"><p>Calendar desarrollado y soportado por <a href=\"http:\/\/www.kieranoshea.com\">Kieran O'Shea<\/a><\/p><\/div>\n\n<\/td>\n<td style=\"text-align: left; vertical-align: top;\"><article><div class=\"event-feria table\"><p class=\"date-event\">24\/03\/2025<\/p><div class=\"grid-10\"><img loading=\"lazy\" decoding=\"async\" width=\"280\" height=\"243\" src=\"https:\/\/rierge.com\/wp-content\/uploads\/2017\/03\/1580726226-DDX-Logo-LINEAR-VERSION-white-280x243.png\" class=\"attachment-thumbnail size-thumbnail wp-post-image\" alt=\"\" \/><\/div><div class=\"grid-80 ferias-eventos\"><h3>XDesignPRO<span class=\"zona-evento\"><\/span><\/h3><p><p><strong>XDesignPRO<\/strong> es la nueva soluci\u00f3n de software dedicada espec\u00edficamente al dise\u00f1o de muebles e interiores.<\/p>\n<\/p><div class=\"extend\"><\/div><div class=\"clear\"><\/div><\/div><\/article><article><div class=\"event-feria table\"><p class=\"date-event\">26\/05\/2025<\/p><div class=\"grid-10\"><img loading=\"lazy\" decoding=\"async\" width=\"150\" height=\"150\" src=\"https:\/\/rierge.com\/wp-content\/uploads\/2025\/03\/ligna.jpg\" class=\"attachment-thumbnail size-thumbnail wp-post-image\" alt=\"\" srcset=\"https:\/\/rierge.com\/wp-content\/uploads\/2025\/03\/ligna.jpg 150w, https:\/\/rierge.com\/wp-content\/uploads\/2025\/03\/ligna-60x60.jpg 60w, https:\/\/rierge.com\/wp-content\/uploads\/2025\/03\/ligna-125x125.jpg 125w, https:\/\/rierge.com\/wp-content\/uploads\/2025\/03\/ligna-100x100.jpg 100w\" sizes=\"auto, (max-width: 150px) 100vw, 150px\" \/><\/div><div class=\"grid-80 ferias-eventos\"><h3>LIGNA<span class=\"zona-evento\">HANNOVER (ALEMANIA)<\/span><\/h3><p><p>Le esperamos en nuestra Stand C41\u00a0 Pavell\u00f3n 13<\/p>\n<\/p><div class=\"extend\"><\/div><div class=\"clear\"><\/div><\/div><\/article><article><div class=\"event-feria table\"><p class=\"date-event\">16\/04\/2024<\/p><div class=\"grid-10\"><img loading=\"lazy\" decoding=\"async\" width=\"280\" height=\"280\" src=\"https:\/\/rierge.com\/wp-content\/uploads\/2023\/02\/20230221_113827-280x280.jpg\" class=\"attachment-thumbnail size-thumbnail wp-post-image\" alt=\"\" srcset=\"https:\/\/rierge.com\/wp-content\/uploads\/2023\/02\/20230221_113827-280x280.jpg 280w, https:\/\/rierge.com\/wp-content\/uploads\/2023\/02\/20230221_113827-60x60.jpg 60w, https:\/\/rierge.com\/wp-content\/uploads\/2023\/02\/20230221_113827-100x100.jpg 100w, https:\/\/rierge.com\/wp-content\/uploads\/2023\/02\/20230221_113827-300x300.jpg 300w\" sizes=\"auto, (max-width: 280px) 100vw, 280px\" \/><\/div><div class=\"grid-80 ferias-eventos\"><h3>FIMMA\/MADERALIA<span class=\"zona-evento\"><\/span><\/h3><p><p><span class=\"HwtZe\" lang=\"ca\">Ya est\u00e1n confirmadas las fechas para la pr\u00f3xima FIMMA\/MADERIA 24, se celebrara en la ciudad de Valencia Espa\u00f1a del 14 al 17 de Mayo de 2024.<br \/>\nDesde este momento, nos ponemos a trabajar, para poder mostrarles los productos m\u00e1s avanzados de nuestra gama. Durante la celebraci\u00f3n de <a href=\"https:\/\/fimma-maderalia.feriavalencia.com\/novedades-expositores\/rierge-celebra-por-todo-lo-alto-en-fimma-su-70-aniversario\/\" target=\"_blank\" rel=\"noopener\">FIMMA<\/a>, vamos a realizar un acto conmemorativo del 70 aniversario de la fundaci\u00f3n de RIERGE<\/span><\/p>\n<p>&nbsp;<\/p>\n<p>&nbsp;<\/p>\n<p><span style=\"color: #ff0000;\"><strong>Pabell\u00f3n N2 P1 Stand C11 del 14 al 17\/05\/2024<\/strong><\/span><\/p>\n<p><a href=\"https:\/\/youtu.be\/E0wRVIFJ-q0\" target=\"_blank\" rel=\"noopener\"><strong><span style=\"color: #ff6600;\">Video del Evento<\/span><\/strong><\/a><\/p>\n<\/p><div class=\"extend\"><\/div><div class=\"clear\"><\/div><\/div><\/article><article><div class=\"event-feria table\"><p class=\"date-event\">10\/11\/2022<\/p><div class=\"grid-10\"><\/div><div class=\"grid-80 ferias-eventos\"><h3>FIMAP Portugal<span class=\"zona-evento\"><\/span><\/h3><p><p>Del 10 al 12 de Noviembre, tomaremos parte en la Feria FIMAP, que se celebra en Oporto, estaremos en la Stand de Alves &amp; Silva, expondremos un centro de mecanizado cnc de la Serie Easynest en su versi\u00f3n Evolution.<\/p>\n<\/p><div class=\"extend\"><\/div><div class=\"clear\"><\/div><\/div><\/article><article><div class=\"event-feria table\"><p class=\"date-event\">04\/11\/2022<\/p><div class=\"grid-10\"><\/div><div class=\"grid-80 ferias-eventos\"><h3>Houtpro+<span class=\"zona-evento\"><\/span><\/h3><p><p>Estaremos presentes en el la Feria\u00a0 Houtpro+\u00a0 en Hertogenbosch, donde juntamente con nuestro distribuidor VIVA MACHINES, presentaremos nuestros centros de mecanizado cnc a las industrias de los Paises del Benelux<\/p>\n<\/p><div class=\"extend\"><\/div><div class=\"clear\"><\/div><\/div><\/article><article><div class=\"event-feria table\"><p class=\"date-event\">14\/06\/2022<\/p><div class=\"grid-10\"><\/div><div class=\"grid-80 ferias-eventos\"><h3>EUROBOIS<span class=\"zona-evento\">(Fran\u00e7ais) Lyon  France<\/span><\/h3><p><p>Estaremos presentes en el la Feria Eurobois en Lyon, donde presentaremos nuestros centros de mecanizado cnc a las industrias francesas.<\/p>\n<p>Disponemos ya de varias instalaciones en Francia. Nuestro objetivo es el poder mostrar la capacidad y la propuesta de nuestras soluciones.<\/p>\n<p><span style=\"color: #ff6600;\"><strong>Hall 63B stand 6F166<\/strong><\/span><\/p>\n<\/p><div class=\"extend\"><\/div><div class=\"clear\"><\/div><\/div><\/article><article><div class=\"event-feria table\"><p class=\"date-event\">10\/03\/2020<\/p><div class=\"grid-10\"><img loading=\"lazy\" decoding=\"async\" width=\"230\" height=\"100\" src=\"https:\/\/rierge.com\/wp-content\/uploads\/2020\/01\/230x100.gif\" class=\"attachment-thumbnail size-thumbnail wp-post-image\" alt=\"\" srcset=\"https:\/\/rierge.com\/wp-content\/uploads\/2020\/01\/230x100.gif 230w, https:\/\/rierge.com\/wp-content\/uploads\/2020\/01\/230x100-60x26.gif 60w, https:\/\/rierge.com\/wp-content\/uploads\/2020\/01\/230x100-125x54.gif 125w\" sizes=\"auto, (max-width: 230px) 100vw, 230px\" \/><\/div><div class=\"grid-80 ferias-eventos\"><h3>FIMMA MADERALIA 2022<span class=\"zona-evento\"><\/span><\/h3><p><p>Del 29 de Marzo al 1 de abril de 2022, se celebrar\u00e1 en Valencia la feria FIMMA para el sector de maquinaria para trabajar la madera, donde bianualmente los m\u00e1s importantes fabricantes de maquinaria, se dan cita para presentar sus \u00faltimas novedades.<br \/>\nRierge, como ha hecho durante m\u00e1s de 50 a\u00f1os, estar\u00e1 presente en el evento.<\/p>\n<p>&nbsp;<\/p>\n<p><iframe loading=\"lazy\" src=\"\/\/www.youtube.com\/embed\/hFIs-HYFgiU\" width=\"560\" height=\"314\" allowfullscreen=\"allowfullscreen\"><\/iframe><\/p>\n<p>&nbsp;<\/p>\n<\/p><div class=\"extend\"><\/div><div class=\"clear\"><\/div><\/div><\/article><article><div class=\"event-feria table\"><p class=\"date-event\">14\/10\/2019<\/p><div class=\"grid-10\"><\/div><div class=\"grid-80 ferias-eventos\"><h3>Madera Sostenible<span class=\"zona-evento\"><\/span><\/h3><p><p>El portal del sector, presente en la celebraci\u00f3n del<a href=\"https:\/\/madera-sostenible.com\/maquinaria\/rierge-cumple-65-anos\/\" target=\"_blank\" rel=\"noopener\"> 65 aniversario de Rierge<\/a><\/p>\n<\/p><div class=\"extend\"><\/div><div class=\"clear\"><\/div><\/div><\/article><article><div class=\"event-feria table\"><p class=\"date-event\">15\/11\/2019<\/p><div class=\"grid-10\"><\/div><div class=\"grid-80 ferias-eventos\"><h3>Entrevista a Santi Riera<span class=\"zona-evento\"><\/span><\/h3><p><p>Con motivo del 65 aniversario de Rierge, Interempresas realiza un <a href=\"http:\/\/www.interempresas.net\/Madera\/Articulos\/259222-Entrevista-a-Santi-Riera-gerente-de-Rierge.html\" target=\"_blank\" rel=\"noopener\">entrevista al actual Director General.<\/a><\/p>\n<\/p><div class=\"extend\"><\/div><div class=\"clear\"><\/div><\/div><\/article><article><div class=\"event-feria table\"><p class=\"date-event\">14\/10\/2019<\/p><div class=\"grid-10\"><\/div><div class=\"grid-80 ferias-eventos\"><h3>Interempresas<span class=\"zona-evento\"><\/span><\/h3><p><p>La revista del sector, se hace eco de la celebraci\u00f3n del <a href=\"http:\/\/www.interempresas.net\/Madera\/Articulos\/258804-Rierge-cumple-65-anos.html\" target=\"_blank\" rel=\"noopener\">65 aniversario de Rierge.<\/a><\/p>\n<\/p><div class=\"extend\"><\/div><div class=\"clear\"><\/div><\/div><\/article><article><div class=\"event-feria table\"><p class=\"date-event\">26\/03\/2019<\/p><div class=\"grid-10\"><img loading=\"lazy\" decoding=\"async\" width=\"100\" height=\"100\" src=\"https:\/\/rierge.com\/wp-content\/uploads\/2019\/02\/58f6373a7e16f-finnma-e1551266800464.png\" class=\"attachment-thumbnail size-thumbnail wp-post-image\" alt=\"\" \/><\/div><div class=\"grid-80 ferias-eventos\"><h3>FIMMA 2019 BENTO\/BRASIL<span class=\"zona-evento\">(Portugu\u00eas do Brasil) Bento Gon\u00e7alves - Brasil<\/span><\/h3><p><p>En este mes de Marzo del 26 al 29 de Marzo, se va a celebrar en Bento Gon\u00e7alves la Feria FIMMA donde vamos a estar presentes.<br \/>\n Le esperamos en nuestro stand 554-555-556 en el Pabellon E Rua 28<\/p>\n<\/p><div class=\"extend\"><\/div><div class=\"clear\"><\/div><\/div><\/article><article><div class=\"event-feria table\"><p class=\"date-event\">06\/02\/2018<\/p><div class=\"grid-10\"><img loading=\"lazy\" decoding=\"async\" width=\"45\" height=\"41\" src=\"https:\/\/rierge.com\/wp-content\/uploads\/2017\/05\/Captura-de-pantalla-2017-05-19-a-las-20.30.55.png\" class=\"attachment-thumbnail size-thumbnail wp-post-image\" alt=\"\" \/><\/div><div class=\"grid-80 ferias-eventos\"><h3>FIMMA MADERALIA 2018<span class=\"zona-evento\">Valencia (Spain)<\/span><\/h3><p><p style=\"text-align: justify;\">Se celebro en Valencia, en\u00a0 <a href=\"http:\/\/media.feriavalencia.com\/mail\/marketing\/2018\/fimma-maderalia\/01\/index.html\" target=\"_blank\" rel=\"noopener\">FIMMA\/MADERALIA<\/a> durante los d\u00edas 6 al 9 de Febrero de 2018, donde tuvimos la oportunidad de presentar, las \u00faltimas novedades en centros de mecanizado CNC.<\/p>\n<p><a href=\"http:\/\/www.feriavalencia.com\/plano\/\" target=\"_blank\" rel=\"noopener\"><span style=\"color: #ff6600;\"><strong>PABELLON 7 NIVEL 2 STAND C18<\/strong><\/span><\/a><\/p>\n<p><a href=\"http:\/\/fimma-maderalia.feriavalencia.com\/solicitud-de-entradas\/\">Solicita tu entrada<\/a><\/p>\n<p>&nbsp;<\/p>\n<p>Video durante la celebraci\u00f3n del evento.<\/p>\n<p><iframe loading=\"lazy\" src=\"\/\/www.youtube.com\/embed\/l5e5jG4Gp1g\" width=\"560\" height=\"314\" allowfullscreen=\"allowfullscreen\"><\/iframe><\/p>\n<\/p><div class=\"extend\"><\/div><div class=\"clear\"><\/div><\/div><\/article><article><div class=\"event-feria table\"><p class=\"date-event\">13\/07\/2017<\/p><div class=\"grid-10\"><img loading=\"lazy\" decoding=\"async\" width=\"38\" height=\"40\" src=\"https:\/\/rierge.com\/wp-content\/uploads\/2017\/05\/Captura-de-pantalla-2017-05-19-a-las-20.31.04.png\" class=\"attachment-thumbnail size-thumbnail wp-post-image\" alt=\"\" \/><\/div><div class=\"grid-80 ferias-eventos\"><h3>Presentaci\u00f3n Renishaw<span class=\"zona-evento\">Rierge Planta II<\/span><\/h3><p><p style=\"text-align: justify;\">En nuestras instalaciones de Martorelles, tendr\u00e1 lugar el pr\u00f3ximo dia 13 de Julio a las 9 a.m., la presentaci\u00f3n por porte de Renishaw de: Sonda de RMP600 y de los softwares NC-Checker y NC-Perfectpart.<\/p>\n<p> <a href=\"https:\/\/rierge.com\/es\/evento\/presentacion-renishaw\/#more-2799\" class=\"more-link\"><\/p>\n<p class=\"plus-event\">INFO<\/p>\n<p><\/a><\/p>\n<\/p><div class=\"extend\"><\/p>\n<p style=\"text-align: justify;\"><a href=\"http:\/\/www.renishaw.es\/es\/sonda-de-contacto-de-alta-precision-rmp600--8880\" target=\"_blank\" rel=\"noopener\"><strong>RMP600<\/strong><\/a> es una sonda de contacto compacta de alta precisi\u00f3n, con transmisi\u00f3n por se\u00f1ales de radio, que proporciona todas las ventajas de la preparaci\u00f3n autom\u00e1tica de trabajos, adem\u00e1s de la capacidad para medir geometr\u00edas de piezas 3D complejas en centros de mecanizado de cualquier tama\u00f1o incluidas las m\u00e1quinas multitarea.<\/p>\n<p style=\"text-align: justify;\">\u00a0<\/p>\n<p style=\"text-align: justify;\"><span id=\"result_box\" class=\"\" lang=\"es\"><a href=\"http:\/\/metsoftpro.com\/nc-checker\/\" target=\"_blank\" rel=\"noopener\"><strong>NC-Checker<\/strong><\/a> comprueba r\u00e1pidamente los movimientos lineales y rotativos de su m\u00e1quina herramienta y combina los resultados en un solo informe. Al comprobar las tolerancias de su m\u00e1quina herramienta, NC-Checker proporciona un nivel de diagn\u00f3stico de la m\u00e1quina herramienta. Los diagn\u00f3sticos le permiten confirmar la precisi\u00f3n de su m\u00e1quina-herramienta de 5 ejes.<\/span><\/p>\n<p style=\"text-align: justify;\">La configuraci\u00f3n de piezas defectuosas y la fijaci\u00f3n tambi\u00e9n pueden ser una raz\u00f3n para partes inexactas.<span class=\"\"><br \/>\n <\/span><\/p>\n<p style=\"text-align: justify;\">\u00a0<\/p>\n<p style=\"text-align: justify;\"><span id=\"result_box\" class=\"\" lang=\"es\">Tradicionalmente, los errores de producci\u00f3n se descubren en la inspecci\u00f3n final despu\u00e9s de que la pieza ha sido mecanizada.<\/span><strong>\u00a0<\/strong><a href=\"http:\/\/metsoftpro.com\/nc-perfectpart\/\" target=\"_blank\" rel=\"noopener\"><strong>NC-PerfectPart\u00a0<\/strong><\/a><span id=\"result_box\" class=\"\" lang=\"es\"> identifica e informa errores antes de cortar cualquier material. Minimizaci\u00f3n de costes, retrabajos manuales y concesiones, mientras que la productividad de la m\u00e1quina se maximiza.<\/span><\/p>\n<p style=\"text-align: justify;\"><span class=\"\">A pesar de sonar como un sue\u00f1o, es una realidad para las muchas empresas que utilizan el premiado sistema de MSP para eliminar errores de la producci\u00f3n parcial.<\/span><\/p>\n<p>&nbsp;<\/p>\n<\/div><div class=\"clear\"><\/div><\/div><\/article><\/td>\n<\/tr>\n<\/tbody>\n<\/table>\n<p>&nbsp;<\/p>\n<div tabindex=\"0\" class=\"cycloneslider cycloneslider-template-standard cycloneslider-width-responsive\" id=\"cycloneslider-centros-de-mecanizado-1\" style=\"max-width:960px\" > <div class=\"cycloneslider-slides cycle-slideshow\" data-cycle-allow-wrap=\"true\" data-cycle-dynamic-height=\"off\" data-cycle-auto-height=\"960:600\" data-cycle-auto-height-easing=\"null\" data-cycle-auto-height-speed=\"250\" data-cycle-delay=\"0\" data-cycle-easing=\"\" data-cycle-fx=\"fade\" data-cycle-hide-non-active=\"true\" data-cycle-log=\"false\" data-cycle-next=\"#cycloneslider-centros-de-mecanizado-1 .cycloneslider-next\" data-cycle-pager=\"#cycloneslider-centros-de-mecanizado-1 .cycloneslider-pager\" data-cycle-pause-on-hover=\"true\" data-cycle-prev=\"#cycloneslider-centros-de-mecanizado-1 .cycloneslider-prev\" data-cycle-slides=\"&gt; div\" data-cycle-speed=\"1000\" data-cycle-swipe=\"1\" data-cycle-tile-count=\"7\" data-cycle-tile-delay=\"100\" data-cycle-tile-vertical=\"true\" data-cycle-timeout=\"4000\" > <div class=\"cycloneslider-slide cycloneslider-slide-image\" > <img decoding=\"async\" src=\"https:\/\/rierge.com\/wp-content\/uploads\/2017\/04\/b_madera_MP_ALFA-960x600.jpg\" alt=\"\" title=\"\" \/> <div class=\"cycloneslider-caption\"> <div class=\"cycloneslider-caption-title\">Alfa<\/div> <div class=\"cycloneslider-caption-description\"><\/div> <\/div> <\/div> <div class=\"cycloneslider-slide cycloneslider-slide-image\" > <img decoding=\"async\" src=\"https:\/\/rierge.com\/wp-content\/uploads\/2017\/04\/easynest-panel2-960x600.jpg\" alt=\"\" title=\"\" \/> <div class=\"cycloneslider-caption\"> <div class=\"cycloneslider-caption-title\">Easynest<\/div> <div class=\"cycloneslider-caption-description\"><\/div> <\/div> <\/div> <div class=\"cycloneslider-slide cycloneslider-slide-image\" > <img decoding=\"async\" src=\"https:\/\/rierge.com\/wp-content\/uploads\/2017\/04\/b_madera_MP_MEGASM-960x600.jpg\" alt=\"\" title=\"\" \/> <div class=\"cycloneslider-caption\"> <div class=\"cycloneslider-caption-title\">Mega<\/div> <div class=\"cycloneslider-caption-description\"><\/div> <\/div> <\/div> <div class=\"cycloneslider-slide cycloneslider-slide-image\" > <img decoding=\"async\" src=\"https:\/\/rierge.com\/wp-content\/uploads\/2017\/04\/MMD_macizo2-960x600.jpg\" alt=\"\" title=\"\" \/> <div class=\"cycloneslider-caption\"> <div class=\"cycloneslider-caption-title\">MM\/D<\/div> <div class=\"cycloneslider-caption-description\"><\/div> <\/div> <\/div> <div class=\"cycloneslider-slide cycloneslider-slide-image\" > <img decoding=\"async\" src=\"https:\/\/rierge.com\/wp-content\/uploads\/2017\/06\/b_plastico_metacrilato_easynest5048B2-960x600.jpg\" alt=\"\" title=\"\" \/> <div class=\"cycloneslider-caption\"> <div class=\"cycloneslider-caption-title\">Easynest\/B<\/div> <div class=\"cycloneslider-caption-description\"><\/div> <\/div> <\/div> <div class=\"cycloneslider-slide cycloneslider-slide-image\" > <img decoding=\"async\" src=\"https:\/\/rierge.com\/wp-content\/uploads\/2017\/05\/jst_V_panel2-960x600.jpg\" alt=\"\" title=\"\" \/> <div class=\"cycloneslider-caption\"> <div class=\"cycloneslider-caption-title\">JST\/V<\/div> <div class=\"cycloneslider-caption-description\"><\/div> <\/div> <\/div> <div class=\"cycloneslider-slide cycloneslider-slide-image\" > <img decoding=\"async\" src=\"https:\/\/rierge.com\/wp-content\/uploads\/2017\/04\/megadoor2-960x600.jpg\" alt=\"\" title=\"\" \/> <div class=\"cycloneslider-caption\"> <div class=\"cycloneslider-caption-title\">Megadoor 2.3<\/div> <div class=\"cycloneslider-caption-description\"><\/div> <\/div> <\/div> <div class=\"cycloneslider-slide cycloneslider-slide-image\" > <img decoding=\"async\" src=\"https:\/\/rierge.com\/wp-content\/uploads\/2017\/04\/sjn_aero-960x600.jpg\" alt=\"\" title=\"\" \/> <div class=\"cycloneslider-caption\"> <div class=\"cycloneslider-caption-title\">SJN<\/div> <div class=\"cycloneslider-caption-description\"><\/div> <\/div> <\/div> <div class=\"cycloneslider-slide cycloneslider-slide-image\" > <img decoding=\"async\" src=\"https:\/\/rierge.com\/wp-content\/uploads\/2017\/08\/Easynes_3021_evo-960x600.jpg\" alt=\"\" title=\"\" \/> <div class=\"cycloneslider-caption\"> <div class=\"cycloneslider-caption-title\">Easynest Evolution<\/div> <div class=\"cycloneslider-caption-description\"><\/div> <\/div> <\/div> <div class=\"cycloneslider-slide cycloneslider-slide-image\" > <img decoding=\"async\" src=\"https:\/\/rierge.com\/wp-content\/uploads\/2017\/04\/b_metal_ferroviario_JST-960x600.jpg\" alt=\"\" title=\"\" \/> <div class=\"cycloneslider-caption\"> <div class=\"cycloneslider-caption-title\">JST<\/div> <div class=\"cycloneslider-caption-description\"><\/div> <\/div> <\/div> <div class=\"cycloneslider-slide cycloneslider-slide-image\" > <img decoding=\"async\" src=\"https:\/\/rierge.com\/wp-content\/uploads\/2017\/05\/b_metal_ferroviario_alufast70_2-960x600.jpg\" alt=\"\" title=\"\" \/> <div class=\"cycloneslider-caption\"> <div class=\"cycloneslider-caption-title\">Alufast<\/div> <div class=\"cycloneslider-caption-description\"><\/div> <\/div> <\/div> <div class=\"cycloneslider-slide cycloneslider-slide-image\" > <img decoding=\"async\" src=\"https:\/\/rierge.com\/wp-content\/uploads\/2017\/04\/mm5C_macizo2-960x600.jpg\" alt=\"\" title=\"\" \/> <div class=\"cycloneslider-caption\"> <div class=\"cycloneslider-caption-title\">MM-5<\/div> <div class=\"cycloneslider-caption-description\"><\/div> <\/div> <\/div> <div class=\"cycloneslider-slide cycloneslider-slide-image\" > <img decoding=\"async\" src=\"https:\/\/rierge.com\/wp-content\/uploads\/2023\/01\/MECADOOR-VICAIMA-960x600.jpg\" alt=\"\" title=\"\" \/> <div class=\"cycloneslider-caption\"> <div class=\"cycloneslider-caption-title\">MECADOOR<\/div> <div class=\"cycloneslider-caption-description\"><\/div> <\/div> <\/div> <div class=\"cycloneslider-slide cycloneslider-slide-image\" > <img decoding=\"async\" src=\"https:\/\/rierge.com\/wp-content\/uploads\/2017\/04\/mecacerc_20-960x600.jpg\" alt=\"\" title=\"\" \/> <div class=\"cycloneslider-caption\"> <div class=\"cycloneslider-caption-title\">MECACERC<\/div> <div class=\"cycloneslider-caption-description\"><\/div> <\/div> <\/div> <div class=\"cycloneslider-slide cycloneslider-slide-image\" > <img decoding=\"async\" src=\"https:\/\/rierge.com\/wp-content\/uploads\/2022\/02\/NTDOOR_30-960x600.jpg\" alt=\"\" title=\"\" \/> <div class=\"cycloneslider-caption\"> <div class=\"cycloneslider-caption-title\">NT\/DOOR<\/div> <div class=\"cycloneslider-caption-description\"><\/div> <\/div> <\/div> <\/div> <div class=\"cycloneslider-pager\"><\/div> <a href=\"#\" class=\"cycloneslider-prev\"> <span class=\"arrow\"><\/span> <\/a> <a href=\"#\" class=\"cycloneslider-next\"> <span class=\"arrow\"><\/span> <\/a> <\/div>\n<p><\/p>","protected":false},"excerpt":{"rendered":"<p>Calendario laboral oficial, de Rierge Sede Central ubicada en Barcelona, las delegaciones se rigen por un calendario diferente, adaptado a sus pa\u00edses. Consultar en Delegaciones. &nbsp;<\/p>\n","protected":false},"author":1,"featured_media":0,"parent":212,"menu_order":19,"comment_status":"closed","ping_status":"closed","template":"","meta":{"_mc_calendar":[],"footnotes":""},"class_list":["post-2377","page","type-page","status-publish","hentry"],"yoast_head":"<!-- This site is optimized with the Yoast SEO Premium plugin v18.4 (Yoast SEO v24.9) - https:\/\/yoast.com\/wordpress\/plugins\/seo\/ -->\n<title>Calendario RIERGE - RIERGE<\/title>\n<meta name=\"robots\" content=\"index, follow, max-snippet:-1, max-image-preview:large, max-video-preview:-1\" \/>\n<link rel=\"canonical\" href=\"https:\/\/rierge.com\/es\/contactar\/calendario-rierge\/\" \/>\n<meta property=\"og:locale\" content=\"es_ES\" \/>\n<meta property=\"og:type\" content=\"article\" \/>\n<meta property=\"og:title\" content=\"[:es]Calendario RIERGE[:ca]Calendari RIERGE[:en]Calendar RIERGE[:fr]Calendar RIERGE[:pb]Calendar RIERGE[:]\" \/>\n<meta property=\"og:description\" content=\"Calendario laboral oficial, de Rierge Sede Central ubicada en Barcelona, las delegaciones se rigen por un calendario diferente, adaptado a sus pa\u00edses.\" \/>\n<meta property=\"og:url\" content=\"https:\/\/rierge.com\/es\/contactar\/calendario-rierge\/\" \/>\n<meta property=\"og:site_name\" content=\"RIERGE\" \/>\n<meta property=\"article:modified_time\" content=\"2017-09-02T08:01:12+00:00\" \/>\n<meta name=\"twitter:card\" content=\"summary_large_image\" \/>\n<meta name=\"twitter:label1\" content=\"Tiempo de lectura\" \/>\n\t<meta name=\"twitter:data1\" content=\"1 minuto\" \/>\n<script type=\"application\/ld+json\" class=\"yoast-schema-graph\">{\"@context\":\"https:\/\/schema.org\",\"@graph\":[{\"@type\":\"WebPage\",\"@id\":\"https:\/\/rierge.com\/es\/contactar\/calendario-rierge\/\",\"url\":\"https:\/\/rierge.com\/es\/contactar\/calendario-rierge\/\",\"name\":\"[:es]Calendario RIERGE[:ca]Calendari RIERGE[:en]Calendar RIERGE[:fr]Calendar RIERGE[:pb]Calendar RIERGE[:] - RIERGE\",\"isPartOf\":{\"@id\":\"https:\/\/rierge.com\/en\/#website\"},\"datePublished\":\"2017-05-29T15:54:44+00:00\",\"dateModified\":\"2017-09-02T08:01:12+00:00\",\"breadcrumb\":{\"@id\":\"https:\/\/rierge.com\/es\/contactar\/calendario-rierge\/#breadcrumb\"},\"inLanguage\":\"es\",\"potentialAction\":[{\"@type\":\"ReadAction\",\"target\":[\"https:\/\/rierge.com\/es\/contactar\/calendario-rierge\/\"]}]},{\"@type\":\"BreadcrumbList\",\"@id\":\"https:\/\/rierge.com\/es\/contactar\/calendario-rierge\/#breadcrumb\",\"itemListElement\":[{\"@type\":\"ListItem\",\"position\":1,\"name\":\"Home\",\"item\":\"https:\/\/rierge.com\/\"},{\"@type\":\"ListItem\",\"position\":2,\"name\":\"Contactar\",\"item\":\"https:\/\/rierge.com\/es\/contactar\/\"},{\"@type\":\"ListItem\",\"position\":3,\"name\":\"Calendar RIERGE\"}]},{\"@type\":\"WebSite\",\"@id\":\"https:\/\/rierge.com\/en\/#website\",\"url\":\"https:\/\/rierge.com\/en\/\",\"name\":\"RIERGE\",\"description\":\"\",\"publisher\":{\"@id\":\"https:\/\/rierge.com\/en\/#organization\"},\"potentialAction\":[{\"@type\":\"SearchAction\",\"target\":{\"@type\":\"EntryPoint\",\"urlTemplate\":\"https:\/\/rierge.com\/en\/?s={search_term_string}\"},\"query-input\":{\"@type\":\"PropertyValueSpecification\",\"valueRequired\":true,\"valueName\":\"search_term_string\"}}],\"inLanguage\":\"es\"},{\"@type\":\"Organization\",\"@id\":\"https:\/\/rierge.com\/en\/#organization\",\"name\":\"Rierge\",\"url\":\"https:\/\/rierge.com\/en\/\",\"logo\":{\"@type\":\"ImageObject\",\"inLanguage\":\"es\",\"@id\":\"https:\/\/rierge.com\/en\/#\/schema\/logo\/image\/\",\"url\":\"https:\/\/rierge.com\/wp-content\/uploads\/2017\/06\/logo-rierge-desde-1954.jpg\",\"contentUrl\":\"https:\/\/rierge.com\/wp-content\/uploads\/2017\/06\/logo-rierge-desde-1954.jpg\",\"width\":180,\"height\":50,\"caption\":\"Rierge\"},\"image\":{\"@id\":\"https:\/\/rierge.com\/en\/#\/schema\/logo\/image\/\"}}]}<\/script>\n<!-- \/ Yoast SEO Premium plugin. -->","yoast_head_json":{"title":"[:es]Calendario RIERGE[:ca]Calendari RIERGE[:en]Calendar RIERGE[:fr]Calendar RIERGE[:pb]Calendar RIERGE[:] - RIERGE","robots":{"index":"index","follow":"follow","max-snippet":"max-snippet:-1","max-image-preview":"max-image-preview:large","max-video-preview":"max-video-preview:-1"},"canonical":"https:\/\/rierge.com\/es\/contactar\/calendario-rierge\/","og_locale":"es_ES","og_type":"article","og_title":"[:es]Calendario RIERGE[:ca]Calendari RIERGE[:en]Calendar RIERGE[:fr]Calendar RIERGE[:pb]Calendar RIERGE[:]","og_description":"Calendario laboral oficial, de Rierge Sede Central ubicada en Barcelona, las delegaciones se rigen por un calendario diferente, adaptado a sus pa\u00edses.","og_url":"https:\/\/rierge.com\/es\/contactar\/calendario-rierge\/","og_site_name":"RIERGE","article_modified_time":"2017-09-02T08:01:12+00:00","twitter_card":"summary_large_image","twitter_misc":{"Tiempo de lectura":"1 minuto"},"schema":{"@context":"https:\/\/schema.org","@graph":[{"@type":"WebPage","@id":"https:\/\/rierge.com\/es\/contactar\/calendario-rierge\/","url":"https:\/\/rierge.com\/es\/contactar\/calendario-rierge\/","name":"[:es]Calendario RIERGE[:ca]Calendari RIERGE[:en]Calendar RIERGE[:fr]Calendar RIERGE[:pb]Calendar RIERGE[:] - RIERGE","isPartOf":{"@id":"https:\/\/rierge.com\/en\/#website"},"datePublished":"2017-05-29T15:54:44+00:00","dateModified":"2017-09-02T08:01:12+00:00","breadcrumb":{"@id":"https:\/\/rierge.com\/es\/contactar\/calendario-rierge\/#breadcrumb"},"inLanguage":"es","potentialAction":[{"@type":"ReadAction","target":["https:\/\/rierge.com\/es\/contactar\/calendario-rierge\/"]}]},{"@type":"BreadcrumbList","@id":"https:\/\/rierge.com\/es\/contactar\/calendario-rierge\/#breadcrumb","itemListElement":[{"@type":"ListItem","position":1,"name":"Home","item":"https:\/\/rierge.com\/"},{"@type":"ListItem","position":2,"name":"Contactar","item":"https:\/\/rierge.com\/es\/contactar\/"},{"@type":"ListItem","position":3,"name":"Calendar RIERGE"}]},{"@type":"WebSite","@id":"https:\/\/rierge.com\/en\/#website","url":"https:\/\/rierge.com\/en\/","name":"RIERGE","description":"","publisher":{"@id":"https:\/\/rierge.com\/en\/#organization"},"potentialAction":[{"@type":"SearchAction","target":{"@type":"EntryPoint","urlTemplate":"https:\/\/rierge.com\/en\/?s={search_term_string}"},"query-input":{"@type":"PropertyValueSpecification","valueRequired":true,"valueName":"search_term_string"}}],"inLanguage":"es"},{"@type":"Organization","@id":"https:\/\/rierge.com\/en\/#organization","name":"Rierge","url":"https:\/\/rierge.com\/en\/","logo":{"@type":"ImageObject","inLanguage":"es","@id":"https:\/\/rierge.com\/en\/#\/schema\/logo\/image\/","url":"https:\/\/rierge.com\/wp-content\/uploads\/2017\/06\/logo-rierge-desde-1954.jpg","contentUrl":"https:\/\/rierge.com\/wp-content\/uploads\/2017\/06\/logo-rierge-desde-1954.jpg","width":180,"height":50,"caption":"Rierge"},"image":{"@id":"https:\/\/rierge.com\/en\/#\/schema\/logo\/image\/"}}]}},"_links":{"self":[{"href":"https:\/\/rierge.com\/es\/wp-json\/wp\/v2\/pages\/2377","targetHints":{"allow":["GET"]}}],"collection":[{"href":"https:\/\/rierge.com\/es\/wp-json\/wp\/v2\/pages"}],"about":[{"href":"https:\/\/rierge.com\/es\/wp-json\/wp\/v2\/types\/page"}],"author":[{"embeddable":true,"href":"https:\/\/rierge.com\/es\/wp-json\/wp\/v2\/users\/1"}],"replies":[{"embeddable":true,"href":"https:\/\/rierge.com\/es\/wp-json\/wp\/v2\/comments?post=2377"}],"version-history":[{"count":0,"href":"https:\/\/rierge.com\/es\/wp-json\/wp\/v2\/pages\/2377\/revisions"}],"up":[{"embeddable":true,"href":"https:\/\/rierge.com\/es\/wp-json\/wp\/v2\/pages\/212"}],"wp:attachment":[{"href":"https:\/\/rierge.com\/es\/wp-json\/wp\/v2\/media?parent=2377"}],"curies":[{"name":"wp","href":"https:\/\/api.w.org\/{rel}","templated":true}]}}