{"id":2377,"date":"2017-05-29T15:54:44","date_gmt":"2017-05-29T15:54:44","guid":{"rendered":"http:\/\/rierge.com\/es\/my-calendar\/"},"modified":"2017-09-02T08:01:12","modified_gmt":"2017-09-02T08:01:12","slug":"my-calendar","status":"publish","type":"page","link":"https:\/\/rierge.com\/ca\/contactar\/my-calendar\/","title":{"rendered":"Calendari RIERGE"},"content":{"rendered":"<p><\/p>\n<p>Calendari laboral oficial, de Rierge Seu Central ubicada a Barcelona, les delegacions es regeixen per un calendari diferent, adaptat als seus pa\u00efsos. Consultar a Delegacions.<\/p>\n<table>\n<tbody>\n<tr>\n<td style=\"width: 60%; text-align: left; vertical-align: top;\">\n\n<table cellspacing=\"1\" cellpadding=\"0\" class=\"calendar-table\">\n<tr>\n        <td colspan=\"7\" class=\"calendar-date-switcher\">\n            <form method=\"get\" action=\"\/ca\/wp-json\/wp\/v2\/pages\/2377\">\n\n            Month: <select name=\"calendar_month\" style=\"width:100px;\">\n            <option value=\"jan\">January<\/option>\n            <option value=\"feb\">February<\/option>\n            <option value=\"mar\">March<\/option>\n            <option value=\"apr\">April<\/option>\n            <option value=\"may\" selected=\"selected\">May<\/option>\n            <option value=\"jun\">June<\/option>\n            <option value=\"jul\">July<\/option> \n            <option value=\"aug\">August<\/option> \n            <option value=\"sep\">September<\/option>\n            <option value=\"oct\">October<\/option> \n            <option value=\"nov\">November<\/option> \n            <option value=\"dec\">December<\/option> \n            <\/select>\n            Year: <select name=\"calendar_yr\" style=\"width:60px;\">\n            <option value=\"1996\">1996<\/option>\n            <option value=\"1997\">1997<\/option>\n            <option value=\"1998\">1998<\/option>\n            <option value=\"1999\">1999<\/option>\n            <option value=\"2000\">2000<\/option>\n            <option value=\"2001\">2001<\/option>\n            <option value=\"2002\">2002<\/option>\n            <option value=\"2003\">2003<\/option>\n            <option value=\"2004\">2004<\/option>\n            <option value=\"2005\">2005<\/option>\n            <option value=\"2006\">2006<\/option>\n            <option value=\"2007\">2007<\/option>\n            <option value=\"2008\">2008<\/option>\n            <option value=\"2009\">2009<\/option>\n            <option value=\"2010\">2010<\/option>\n            <option value=\"2011\">2011<\/option>\n            <option value=\"2012\">2012<\/option>\n            <option value=\"2013\">2013<\/option>\n            <option value=\"2014\">2014<\/option>\n            <option value=\"2015\">2015<\/option>\n            <option value=\"2016\">2016<\/option>\n            <option value=\"2017\">2017<\/option>\n            <option value=\"2018\">2018<\/option>\n            <option value=\"2019\">2019<\/option>\n            <option value=\"2020\">2020<\/option>\n            <option value=\"2021\">2021<\/option>\n            <option value=\"2022\">2022<\/option>\n            <option value=\"2023\">2023<\/option>\n            <option value=\"2024\">2024<\/option>\n            <option value=\"2025\">2025<\/option>\n            <option value=\"2026\" selected=\"selected\">2026<\/option>\n            <option value=\"2027\">2027<\/option>\n            <option value=\"2028\">2028<\/option>\n            <option value=\"2029\">2029<\/option>\n            <option value=\"2030\">2030<\/option>\n            <option value=\"2031\">2031<\/option>\n            <option value=\"2032\">2032<\/option>\n            <option value=\"2033\">2033<\/option>\n            <option value=\"2034\">2034<\/option>\n            <option value=\"2035\">2035<\/option>\n            <option value=\"2036\">2036<\/option>\n            <option value=\"2037\">2037<\/option>\n            <option value=\"2038\">2038<\/option>\n            <option value=\"2039\">2039<\/option>\n            <option value=\"2040\">2040<\/option>\n            <option value=\"2041\">2041<\/option>\n            <option value=\"2042\">2042<\/option>\n            <option value=\"2043\">2043<\/option>\n            <option value=\"2044\">2044<\/option>\n            <option value=\"2045\">2045<\/option>\n            <option value=\"2046\">2046<\/option>\n            <option value=\"2047\">2047<\/option>\n            <option value=\"2048\">2048<\/option>\n            <option value=\"2049\">2049<\/option>\n            <option value=\"2050\">2050<\/option>\n            <option value=\"2051\">2051<\/option>\n            <option value=\"2052\">2052<\/option>\n            <option value=\"2053\">2053<\/option>\n            <option value=\"2054\">2054<\/option>\n            <option value=\"2055\">2055<\/option>\n<\/select>\n            <input type=\"submit\" value=\"Go\" \/>\n            <\/form>\n        <\/td>\n<\/tr>\n<tr>\n                <td colspan=\"7\" class=\"calendar-heading\">\n                    <table border=\"0\" cellpadding=\"0\" cellspacing=\"0\" width=\"100%\">\n                    <tr>\n                    <td class=\"calendar-prev\"><a href=\"https:\/\/rierge.com\/ca\/evento\/presentacion-renishaw\/?calendar_month=apr&amp;calendar_yr=2026\">&laquo; Prev<\/a><\/td>\n                    <td class=\"calendar-month\">May 2026<\/td>\n                    <td class=\"calendar-next\"><a href=\"https:\/\/rierge.com\/ca\/evento\/presentacion-renishaw\/?calendar_month=jun&amp;calendar_yr=2026\">Next &raquo;<\/a><\/td>\n                    <\/tr>\n                    <\/table>\n                <\/td>\n<\/tr>\n<tr>\n        <td class=\"normal-day-heading\">Monday<\/td>\n        <td class=\"normal-day-heading\">Tuesday<\/td>\n        <td class=\"normal-day-heading\">Wednesday<\/td>\n        <td class=\"normal-day-heading\">Thursday<\/td>\n        <td class=\"normal-day-heading\">Friday<\/td>\n        <td class=\"weekend-heading\">Saturday<\/td>\n        <td class=\"weekend-heading\">Sunday<\/td>\n<\/tr>\n<tr>\n        <td class=\"day-without-date\">&nbsp;<\/td>\n        <td class=\"day-without-date\">&nbsp;<\/td>\n        <td class=\"day-without-date\">&nbsp;<\/td>\n        <td class=\"day-without-date\">&nbsp;<\/td>\n        <td class=\"day-with-date\"><span >1<\/span><span class=\"event\"><br \/><span class=\"calendar_bullet\" style=\"position:relative;display:inline;width:unset;background:none;\">* <\/span><span class=\"calnk\"><a href=\"#\" >Festivo Nacional Trabajo<span ><span class=\"event-title\" >Festivo Nacional Trabajo<\/span><br \/>\n<span class=\"event-title-break\"><\/span><br \/><strong>Time:<\/strong> 3:58 pm<br \/><span class=\"event-content-break\"><\/span><br \/><\/span><\/a><\/span><br \/><\/span><\/td>\n        <td class=\"day-with-date no-events\"><span class=\"weekend\">2<\/span><span class=\"event\"><br \/><\/span><\/td>\n        <td class=\"current-day no-events\"><span class=\"weekend\">3<\/span><span class=\"event\"><br \/><\/span><\/td>\n<\/tr>\n<tr>\n        <td class=\"day-with-date no-events\"><span >4<\/span><span class=\"event\"><br \/><\/span><\/td>\n        <td class=\"day-with-date no-events\"><span >5<\/span><span class=\"event\"><br \/><\/span><\/td>\n        <td class=\"day-with-date no-events\"><span >6<\/span><span class=\"event\"><br \/><\/span><\/td>\n        <td class=\"day-with-date no-events\"><span >7<\/span><span class=\"event\"><br \/><\/span><\/td>\n        <td class=\"day-with-date no-events\"><span >8<\/span><span class=\"event\"><br \/><\/span><\/td>\n        <td class=\"day-with-date no-events\"><span class=\"weekend\">9<\/span><span class=\"event\"><br \/><\/span><\/td>\n        <td class=\"day-with-date no-events\"><span class=\"weekend\">10<\/span><span class=\"event\"><br \/><\/span><\/td>\n<\/tr>\n<tr>\n        <td class=\"day-with-date no-events\"><span >11<\/span><span class=\"event\"><br \/><\/span><\/td>\n        <td class=\"day-with-date no-events\"><span >12<\/span><span class=\"event\"><br \/><\/span><\/td>\n        <td class=\"day-with-date no-events\"><span >13<\/span><span class=\"event\"><br \/><\/span><\/td>\n        <td class=\"day-with-date no-events\"><span >14<\/span><span class=\"event\"><br \/><\/span><\/td>\n        <td class=\"day-with-date no-events\"><span >15<\/span><span class=\"event\"><br \/><\/span><\/td>\n        <td class=\"day-with-date no-events\"><span class=\"weekend\">16<\/span><span class=\"event\"><br \/><\/span><\/td>\n        <td class=\"day-with-date no-events\"><span class=\"weekend\">17<\/span><span class=\"event\"><br \/><\/span><\/td>\n<\/tr>\n<tr>\n        <td class=\"day-with-date no-events\"><span >18<\/span><span class=\"event\"><br \/><\/span><\/td>\n        <td class=\"day-with-date no-events\"><span >19<\/span><span class=\"event\"><br \/><\/span><\/td>\n        <td class=\"day-with-date no-events\"><span >20<\/span><span class=\"event\"><br \/><\/span><\/td>\n        <td class=\"day-with-date no-events\"><span >21<\/span><span class=\"event\"><br \/><\/span><\/td>\n        <td class=\"day-with-date no-events\"><span >22<\/span><span class=\"event\"><br \/><\/span><\/td>\n        <td class=\"day-with-date no-events\"><span class=\"weekend\">23<\/span><span class=\"event\"><br \/><\/span><\/td>\n        <td class=\"day-with-date no-events\"><span class=\"weekend\">24<\/span><span class=\"event\"><br \/><\/span><\/td>\n<\/tr>\n<tr>\n        <td class=\"day-with-date no-events\"><span >25<\/span><span class=\"event\"><br \/><\/span><\/td>\n        <td class=\"day-with-date no-events\"><span >26<\/span><span class=\"event\"><br \/><\/span><\/td>\n        <td class=\"day-with-date no-events\"><span >27<\/span><span class=\"event\"><br \/><\/span><\/td>\n        <td class=\"day-with-date no-events\"><span >28<\/span><span class=\"event\"><br \/><\/span><\/td>\n        <td class=\"day-with-date no-events\"><span >29<\/span><span class=\"event\"><br \/><\/span><\/td>\n        <td class=\"day-with-date no-events\"><span class=\"weekend\">30<\/span><span class=\"event\"><br \/><\/span><\/td>\n        <td class=\"day-with-date no-events\"><span class=\"weekend\">31<\/span><span class=\"event\"><br \/><\/span><\/td>\n<\/tr>\n<\/table>\n<div class=\"kjo-link\" style=\"visibility:visible !important;display:block !important;\"><p>Calendar developed and supported by <a href=\"http:\/\/www.kieranoshea.com\">Kieran O'Shea<\/a><\/p><\/div>\n\n<\/td>\n<td style=\"text-align: left; vertical-align: top;\"><article><div class=\"event-feria table\"><p class=\"date-event\">24\/03\/2025<\/p><div class=\"grid-10\"><img loading=\"lazy\" decoding=\"async\" width=\"280\" height=\"243\" src=\"https:\/\/rierge.com\/wp-content\/uploads\/2017\/03\/1580726226-DDX-Logo-LINEAR-VERSION-white-280x243.png\" class=\"attachment-thumbnail size-thumbnail wp-post-image\" alt=\"\" \/><\/div><div class=\"grid-80 ferias-eventos\"><h3>(Espa\u00f1ol) XDesignPRO<span class=\"zona-evento\"><\/span><\/h3><p><p class=\"qtranxs-available-languages-message qtranxs-available-languages-message-ca\">Ho sentim, aquesta entrada es troba disponible \u00fanicament en <a href=\"https:\/\/rierge.com\/es\/wp-json\/wp\/v2\/pages\/2377\" class=\"qtranxs-available-language-link qtranxs-available-language-link-es\" title=\"Espa\u00f1ol\">Espa\u00f1ol<\/a>.<\/p>\n<\/p><div class=\"extend\"><\/div><div class=\"clear\"><\/div><\/div><\/article><article><div class=\"event-feria table\"><p class=\"date-event\">26\/05\/2025<\/p><div class=\"grid-10\"><img loading=\"lazy\" decoding=\"async\" width=\"150\" height=\"150\" src=\"https:\/\/rierge.com\/wp-content\/uploads\/2025\/03\/ligna.jpg\" class=\"attachment-thumbnail size-thumbnail wp-post-image\" alt=\"\" srcset=\"https:\/\/rierge.com\/wp-content\/uploads\/2025\/03\/ligna.jpg 150w, https:\/\/rierge.com\/wp-content\/uploads\/2025\/03\/ligna-60x60.jpg 60w, https:\/\/rierge.com\/wp-content\/uploads\/2025\/03\/ligna-125x125.jpg 125w, https:\/\/rierge.com\/wp-content\/uploads\/2025\/03\/ligna-100x100.jpg 100w\" sizes=\"auto, (max-width: 150px) 100vw, 150px\" \/><\/div><div class=\"grid-80 ferias-eventos\"><h3>LIGNA<span class=\"zona-evento\">HANNOVER (ALEMANIA)<\/span><\/h3><p><p><span class=\"HwtZe\" lang=\"ca\"><span class=\"jCAhz ChMk0b\"><span class=\"ryNqvb\">Estarem a LIGNA HANNOVER, Visiteu-nos al Stand C41 Pabellon 13<\/span><\/span><\/span><\/p>\n<\/p><div class=\"extend\"><\/div><div class=\"clear\"><\/div><\/div><\/article><article><div class=\"event-feria table\"><p class=\"date-event\">16\/04\/2024<\/p><div class=\"grid-10\"><img loading=\"lazy\" decoding=\"async\" width=\"280\" height=\"280\" src=\"https:\/\/rierge.com\/wp-content\/uploads\/2023\/02\/20230221_113827-280x280.jpg\" class=\"attachment-thumbnail size-thumbnail wp-post-image\" alt=\"\" srcset=\"https:\/\/rierge.com\/wp-content\/uploads\/2023\/02\/20230221_113827-280x280.jpg 280w, https:\/\/rierge.com\/wp-content\/uploads\/2023\/02\/20230221_113827-60x60.jpg 60w, https:\/\/rierge.com\/wp-content\/uploads\/2023\/02\/20230221_113827-100x100.jpg 100w, https:\/\/rierge.com\/wp-content\/uploads\/2023\/02\/20230221_113827-300x300.jpg 300w\" sizes=\"auto, (max-width: 280px) 100vw, 280px\" \/><\/div><div class=\"grid-80 ferias-eventos\"><h3>FIMMA\/MADERALIA<span class=\"zona-evento\"><\/span><\/h3><p><p><span class=\"HwtZe\" lang=\"ca\"><span class=\"jCAhz ChMk0b\"><span class=\"ryNqvb\">Ja estan confirmades les dates per a la propera FIMMA\/MADERIA 24, se celebrar\u00e0 a la ciutat de Val\u00e8ncia Espanya del 14 al 17 de Maig del 2024.<\/span><\/span> <\/span><\/p>\n<p><span class=\"HwtZe\" lang=\"ca\"><span class=\"jCAhz ChMk0b\"><span class=\"ryNqvb\">Des d&#8217;aquest moment, ens posem a treballar, per poder mostrar els productes m\u00e9s avan\u00e7ats de la nostra gamma.<\/span><\/span><\/span><\/p>\n<p><strong><span style=\"color: #ff0000;\">Pabell\u00f3 N2 P1 Stand C11 del 14 al 17\/05\/2024<\/span><\/strong><\/p>\n<p>&nbsp;<\/p>\n<p><a href=\"https:\/\/youtu.be\/E0wRVIFJ-q0\" target=\"_blank\" rel=\"noopener\">V\u00eddeo de l&#8217;esdeveniment<\/a><\/p>\n<p>&nbsp;<\/p>\n<\/p><div class=\"extend\"><\/div><div class=\"clear\"><\/div><\/div><\/article><article><div class=\"event-feria table\"><p class=\"date-event\">10\/11\/2022<\/p><div class=\"grid-10\"><\/div><div class=\"grid-80 ferias-eventos\"><h3>(Espa\u00f1ol) FIMAP Portugal<span class=\"zona-evento\"><\/span><\/h3><p><p class=\"qtranxs-available-languages-message qtranxs-available-languages-message-ca\">Ho sentim, aquesta entrada es troba disponible \u00fanicament en <a href=\"https:\/\/rierge.com\/es\/wp-json\/wp\/v2\/pages\/2377\" class=\"qtranxs-available-language-link qtranxs-available-language-link-es\" title=\"Espa\u00f1ol\">Espa\u00f1ol<\/a> i <a href=\"https:\/\/rierge.com\/pb\/wp-json\/wp\/v2\/pages\/2377\" class=\"qtranxs-available-language-link qtranxs-available-language-link-pb\" title=\"Portugu\u00eas do Brasil\">Portugu\u00eas do Brasil<\/a>.<\/p>\n<\/p><div class=\"extend\"><\/div><div class=\"clear\"><\/div><\/div><\/article><article><div class=\"event-feria table\"><p class=\"date-event\">04\/11\/2022<\/p><div class=\"grid-10\"><\/div><div class=\"grid-80 ferias-eventos\"><h3>Houtpro+<span class=\"zona-evento\"><\/span><\/h3><p><p><span class=\"HwtZe\" lang=\"ca\"><span class=\"jCAhz ChMk0b\"><span class=\"ryNqvb\">Estarem presents a la Fira Houtpro+ a Hertogenbosch, on juntament amb el nostre distribu\u00efdor VIVA MACHINES, presentarem els nostres centres de mecanitzat cnc a les ind\u00fastries dels Pa\u00efsos del Benelux<\/span><\/span><\/span><\/p>\n<\/p><div class=\"extend\"><\/div><div class=\"clear\"><\/div><\/div><\/article><article><div class=\"event-feria table\"><p class=\"date-event\">14\/06\/2022<\/p><div class=\"grid-10\"><\/div><div class=\"grid-80 ferias-eventos\"><h3>EUROBOIS<span class=\"zona-evento\">(Fran\u00e7ais) Lyon  France<\/span><\/h3><p><p class=\"qtranxs-available-languages-message qtranxs-available-languages-message-ca\">Ho sentim, aquesta entrada es troba disponible \u00fanicament en <a href=\"https:\/\/rierge.com\/es\/wp-json\/wp\/v2\/pages\/2377\" class=\"qtranxs-available-language-link qtranxs-available-language-link-es\" title=\"Espa\u00f1ol\">Espa\u00f1ol<\/a>, <a href=\"https:\/\/rierge.com\/fr\/wp-json\/wp\/v2\/pages\/2377\" class=\"qtranxs-available-language-link qtranxs-available-language-link-fr\" title=\"Fran\u00e7ais\">Fran\u00e7ais<\/a> i <a href=\"https:\/\/rierge.com\/pb\/wp-json\/wp\/v2\/pages\/2377\" class=\"qtranxs-available-language-link qtranxs-available-language-link-pb\" title=\"Portugu\u00eas do Brasil\">Portugu\u00eas do Brasil<\/a>.<\/p>\n<\/p><div class=\"extend\"><\/div><div class=\"clear\"><\/div><\/div><\/article><article><div class=\"event-feria table\"><p class=\"date-event\">10\/03\/2020<\/p><div class=\"grid-10\"><img loading=\"lazy\" decoding=\"async\" width=\"230\" height=\"100\" src=\"https:\/\/rierge.com\/wp-content\/uploads\/2020\/01\/230x100.gif\" class=\"attachment-thumbnail size-thumbnail wp-post-image\" alt=\"\" srcset=\"https:\/\/rierge.com\/wp-content\/uploads\/2020\/01\/230x100.gif 230w, https:\/\/rierge.com\/wp-content\/uploads\/2020\/01\/230x100-60x26.gif 60w, https:\/\/rierge.com\/wp-content\/uploads\/2020\/01\/230x100-125x54.gif 125w\" sizes=\"auto, (max-width: 230px) 100vw, 230px\" \/><\/div><div class=\"grid-80 ferias-eventos\"><h3>FIMMA MADERALIA 2022<span class=\"zona-evento\"><\/span><\/h3><p><p><span class=\"tlid-translation translation\"><span class=\"\" title=\"\"><span class=\"tlid-translation translation\" lang=\"ca\"><span class=\"VIiyi\" lang=\"ca\"><span class=\"JLqJ4b ChMk0b\" data-language-for-alternatives=\"ca\" data-language-to-translate-into=\"es\" data-phrase-index=\"0\" data-number-of-phrases=\"3\">Del 29 de mar\u00e7 a l&#8217;1 d&#8217;abril del 2022, se celebrar\u00e0 a Val\u00e8ncia la fira FIMMA per al sector de maquin\u00e0ria per treballar la fusta, on bianualment els fabricants de maquin\u00e0ria m\u00e9s importants, es donen cita per presentar les seves \u00faltimes novetats.<\/span> <span class=\"JLqJ4b ChMk0b\" data-language-for-alternatives=\"ca\" data-language-to-translate-into=\"es\" data-phrase-index=\"2\" data-number-of-phrases=\"3\">Rierge, com ha fet durant m\u00e9s de 50 anys, ser\u00e0 present a l&#8217;esdeveniment.<\/span><\/span> <\/span><\/span><\/span><\/p>\n<p>&nbsp;<\/p>\n<p><iframe loading=\"lazy\" src=\"\/\/www.youtube.com\/embed\/hFIs-HYFgiU\" width=\"560\" height=\"314\" allowfullscreen=\"allowfullscreen\"><\/iframe><\/p>\n<p>&nbsp;<\/p>\n<\/p><div class=\"extend\"><\/div><div class=\"clear\"><\/div><\/div><\/article><article><div class=\"event-feria table\"><p class=\"date-event\">14\/10\/2019<\/p><div class=\"grid-10\"><\/div><div class=\"grid-80 ferias-eventos\"><h3>(Espa\u00f1ol) Madera Sostenible<span class=\"zona-evento\"><\/span><\/h3><p><p>El portal del sector, presente en la celebraci\u00f3n del<a href=\"https:\/\/madera-sostenible.com\/maquinaria\/rierge-cumple-65-anos\/\" target=\"_blank\" rel=\"noopener\"> 65 aniversario de Rierge<\/a><\/p>\n<\/p><div class=\"extend\"><\/div><div class=\"clear\"><\/div><\/div><\/article><article><div class=\"event-feria table\"><p class=\"date-event\">15\/11\/2019<\/p><div class=\"grid-10\"><\/div><div class=\"grid-80 ferias-eventos\"><h3>Entrevista a Santi Riera<span class=\"zona-evento\"><\/span><\/h3><p><p><span class=\"tlid-translation translation\" lang=\"ca\"><span title=\"\">Amb<\/span> <span title=\"\">motiu<\/span> <span title=\"\">de<\/span> <span title=\"\">l&#8217;<\/span><span title=\"\">65<\/span> <span title=\"\">aniversari de<\/span> <span title=\"\">Rierge<\/span><span title=\"\">,<\/span> <span title=\"\">Interempresas<\/span> <span title=\"\">realitza un<\/span><a href=\"http:\/\/www.interempresas.net\/Madera\/Articulos\/259222-Entrevista-a-Santi-Riera-gerente-de-Rierge.html\" target=\"_blank\" rel=\"noopener\"> <span title=\"\">entrevista<\/span> <span title=\"\">a<\/span> <span title=\"\">l&#8217;actual<\/span> <span class=\"\" title=\"\">director general.<\/span><\/a><\/span><\/p>\n<p>&nbsp;<\/p>\n<\/p><div class=\"extend\"><\/div><div class=\"clear\"><\/div><\/div><\/article><article><div class=\"event-feria table\"><p class=\"date-event\">14\/10\/2019<\/p><div class=\"grid-10\"><\/div><div class=\"grid-80 ferias-eventos\"><h3>Interempresas<span class=\"zona-evento\"><\/span><\/h3><p><p><span class=\"tlid-translation translation\" lang=\"ca\"><span title=\"\">La revista d&#8217;<\/span><span title=\"\">el sector,<\/span> <span title=\"\">es<\/span> <span title=\"\">fa<\/span> <span title=\"\">ress\u00f2 de la<\/span> <span title=\"\">celebraci\u00f3<\/span> <span title=\"\">de<\/span>l <a href=\"http:\/\/www.interempresas.net\/Madera\/Articulos\/258804-Rierge-cumple-65-anos.html\" target=\"_blank\" rel=\"noopener\">65 aniversari de Rierge<\/a><\/span><\/p>\n<\/p><div class=\"extend\"><\/div><div class=\"clear\"><\/div><\/div><\/article><article><div class=\"event-feria table\"><p class=\"date-event\">26\/03\/2019<\/p><div class=\"grid-10\"><img loading=\"lazy\" decoding=\"async\" width=\"100\" height=\"100\" src=\"https:\/\/rierge.com\/wp-content\/uploads\/2019\/02\/58f6373a7e16f-finnma-e1551266800464.png\" class=\"attachment-thumbnail size-thumbnail wp-post-image\" alt=\"\" \/><\/div><div class=\"grid-80 ferias-eventos\"><h3>FIMMA 2019 BENTO\/BRASIL<span class=\"zona-evento\">(Portugu\u00eas do Brasil) Bento Gon\u00e7alves - Brasil<\/span><\/h3><p><p>En aquest mes de Mar\u00e7 del 26 al 29 de Mar\u00e7, es celebrar\u00e0 a Bento Gon\u00e7alves la Fira FIMMA on estarem presents.<br \/>\n<span class=\"tlid-translation translation\"><span title=\"\">L&#8217;esperem<\/span> <span title=\"\">al nostre<\/span> <span title=\"\">estand<\/span> <span title=\"\">554-555-556<\/span> <span title=\"\">al Pavell\u00f3<\/span> <span title=\"\">E<\/span> <span title=\"\">Rua<\/span> <span title=\"\">28<\/span><\/span><\/p>\n<\/p><div class=\"extend\"><\/div><div class=\"clear\"><\/div><\/div><\/article><article><div class=\"event-feria table\"><p class=\"date-event\">06\/02\/2018<\/p><div class=\"grid-10\"><img loading=\"lazy\" decoding=\"async\" width=\"45\" height=\"41\" src=\"https:\/\/rierge.com\/wp-content\/uploads\/2017\/05\/Captura-de-pantalla-2017-05-19-a-las-20.30.55.png\" class=\"attachment-thumbnail size-thumbnail wp-post-image\" alt=\"\" \/><\/div><div class=\"grid-80 ferias-eventos\"><h3>FIMMA VALENCIA<span class=\"zona-evento\">Valencia<\/span><\/h3><p><p style=\"text-align: justify;\">Ser\u00e0 a Val\u00e8ncia durant les dies 6 &#8211; 9 de febrer del 2018, on tindrem la oportunitat de presentar, les \u00faltimes novetats en centres de mecanitzat CNC.<\/p>\n<p>&nbsp;<\/p>\n<p><a href=\"http:\/\/www.feriavalencia.com\/plano\/\" target=\"_blank\" rel=\"noopener\"><span style=\"color: #ff6600;\"><strong>PABELL\u00d3 7 NIVELL 2 STAND C18<\/strong><\/span><\/a><\/p>\n<p>&nbsp;<\/p>\n<p><a href=\"http:\/\/fimma-maderalia.feriavalencia.com\/solicitud-de-entradas\/\">SOL.LICITA L&#8217;ENTRADA<\/a><\/p>\n<p><span id=\"result_box\" class=\"short_text\" lang=\"ca\"><span class=\"\">V\u00eddeo durant l&#8217;esdeveniment.<\/span><\/span><\/p>\n<p><iframe loading=\"lazy\" src=\"\/\/www.youtube.com\/embed\/l5e5jG4Gp1g\" width=\"560\" height=\"314\" allowfullscreen=\"allowfullscreen\"><\/iframe><\/p>\n<\/p><div class=\"extend\"><\/div><div class=\"clear\"><\/div><\/div><\/article><article><div class=\"event-feria table\"><p class=\"date-event\">13\/07\/2017<\/p><div class=\"grid-10\"><img loading=\"lazy\" decoding=\"async\" width=\"38\" height=\"40\" src=\"https:\/\/rierge.com\/wp-content\/uploads\/2017\/05\/Captura-de-pantalla-2017-05-19-a-las-20.31.04.png\" class=\"attachment-thumbnail size-thumbnail wp-post-image\" alt=\"\" \/><\/div><div class=\"grid-80 ferias-eventos\"><h3>Presentaci\u00f3 Renishaw<span class=\"zona-evento\">(Espa\u00f1ol) Rierge Planta II<\/span><\/h3><p><p style=\"text-align: justify;\">A les nostres instal\u00b7lacions de Martorelles, tindr\u00e0 lloc el proper dia 13 de Juliol a les 9 a.m., la presentaci\u00f3 per part de Renishaw de: Sonda de RMP600 i dels softwares NC-Checker i NC-Perfectpart.<\/p>\n<p> <a href=\"https:\/\/rierge.com\/ca\/evento\/presentacion-renishaw\/#more-2799\" class=\"more-link\"><\/p>\n<p class=\"plus-event\">INFO<\/p>\n<p><\/a><\/p>\n<\/p><div class=\"extend\"><\/p>\n<p style=\"text-align: justify;\"><a href=\"http:\/\/www.renishaw.es\/es\/sonda-de-contacto-de-alta-precision-rmp600--8880\" target=\"_blank\" rel=\"noopener\"><strong>RMP600<\/strong><\/a> \u00e9s una sonda de contacte compacta d&#8217;alta precisi\u00f3, amb transmissi\u00f3 per senyals de radio, que proporciona totes les avantatges de la preparaci\u00f3 autom\u00e0tica dels treballs, a m\u00e9s de la capacitat de medir geometries de peces 3D complexes en centres de mecanitzats de qualsevol mida, incloses les m\u00e0quines multitasques.<\/p>\n<p style=\"text-align: justify;\">\u00a0<\/p>\n<p style=\"text-align: justify;\"><span id=\"result_box\" class=\"\" lang=\"es\"><a href=\"http:\/\/metsoftpro.com\/nc-checker\/\" target=\"_blank\" rel=\"noopener\"><strong>NC-Checker<\/strong><\/a> comproba r\u00e0pidament els moviments linials i rotatius de la seva m\u00e0quina-eina i combina els resultats en un sol informe. Al comprobar les toler\u00e0ncies de la seva m\u00e0quina-eina, NC-Checker proporciona un nivell de diagn\u00f2stic de la m\u00e0quina eina. Els diagn\u00f2stics permeten confirmar la precisi\u00f3 de la seva m\u00e0quina-eina de 5 eixos.<br \/>\n <\/span><\/p>\n<p style=\"text-align: justify;\">La configuraci\u00f3 de peces defectuoses i la fixaci\u00f3 tamb\u00e9 poden ser una ra\u00ed per a les parts inexactes.<\/p>\n<p style=\"text-align: justify;\">\u00a0<\/p>\n<p style=\"text-align: justify;\"><span id=\"result_box\" class=\"\" lang=\"es\">Tradicionalment, els errors de producci\u00f3 es descobreixen en la inspecci\u00f3 final, despr\u00e9s de que la pe\u00e7a ja hagi sigut mecanitzada. <\/span><a href=\"http:\/\/metsoftpro.com\/nc-perfectpart\/\" target=\"_blank\" rel=\"noopener\"><strong>NC-PerfectPart<\/strong><\/a> <span id=\"result_box\" class=\"\" lang=\"es\">identifica i informa dels errors abans de tallar qualsevol material. Minimitzaci\u00f3 de costos, retreballs manuals i concessions, mentre que la productivitat de la m\u00e0quina es maximitza.<br \/>\n <\/span><\/p>\n<p style=\"text-align: justify;\">Tot i que soni com un somni, \u00e9s una realitat per a moltes empreses que fan servir el premiat sistema de MSP per eliminar errors de la producci\u00f3 parcial.<\/p>\n<p>&nbsp;<\/p>\n<\/div><div class=\"clear\"><\/div><\/div><\/article><\/td>\n<\/tr>\n<\/tbody>\n<\/table>\n<p>&nbsp;<\/p>\n<div tabindex=\"0\" class=\"cycloneslider cycloneslider-template-standard cycloneslider-width-responsive\" id=\"cycloneslider-centros-de-mecanizado-2\" style=\"max-width:960px\" > <div class=\"cycloneslider-slides cycle-slideshow\" data-cycle-allow-wrap=\"true\" data-cycle-dynamic-height=\"off\" data-cycle-auto-height=\"960:600\" data-cycle-auto-height-easing=\"null\" data-cycle-auto-height-speed=\"250\" data-cycle-delay=\"0\" data-cycle-easing=\"\" data-cycle-fx=\"fade\" data-cycle-hide-non-active=\"true\" data-cycle-log=\"false\" data-cycle-next=\"#cycloneslider-centros-de-mecanizado-2 .cycloneslider-next\" data-cycle-pager=\"#cycloneslider-centros-de-mecanizado-2 .cycloneslider-pager\" data-cycle-pause-on-hover=\"true\" data-cycle-prev=\"#cycloneslider-centros-de-mecanizado-2 .cycloneslider-prev\" data-cycle-slides=\"&gt; div\" data-cycle-speed=\"1000\" data-cycle-swipe=\"1\" data-cycle-tile-count=\"7\" data-cycle-tile-delay=\"100\" data-cycle-tile-vertical=\"true\" data-cycle-timeout=\"4000\" > <div class=\"cycloneslider-slide cycloneslider-slide-image\" > <img decoding=\"async\" src=\"https:\/\/rierge.com\/wp-content\/uploads\/2017\/04\/b_madera_MP_ALFA-960x600.jpg\" alt=\"\" title=\"\" \/> <div class=\"cycloneslider-caption\"> <div class=\"cycloneslider-caption-title\">Alfa<\/div> <div class=\"cycloneslider-caption-description\"><\/div> <\/div> <\/div> <div class=\"cycloneslider-slide cycloneslider-slide-image\" > <img decoding=\"async\" src=\"https:\/\/rierge.com\/wp-content\/uploads\/2017\/04\/easynest-panel2-960x600.jpg\" alt=\"\" title=\"\" \/> <div class=\"cycloneslider-caption\"> <div class=\"cycloneslider-caption-title\">Easynest<\/div> <div class=\"cycloneslider-caption-description\"><\/div> <\/div> <\/div> <div class=\"cycloneslider-slide cycloneslider-slide-image\" > <img decoding=\"async\" src=\"https:\/\/rierge.com\/wp-content\/uploads\/2017\/04\/b_madera_MP_MEGASM-960x600.jpg\" alt=\"\" title=\"\" \/> <div class=\"cycloneslider-caption\"> <div class=\"cycloneslider-caption-title\">Mega<\/div> <div class=\"cycloneslider-caption-description\"><\/div> <\/div> <\/div> <div class=\"cycloneslider-slide cycloneslider-slide-image\" > <img decoding=\"async\" src=\"https:\/\/rierge.com\/wp-content\/uploads\/2017\/04\/MMD_macizo2-960x600.jpg\" alt=\"\" title=\"\" \/> <div class=\"cycloneslider-caption\"> <div class=\"cycloneslider-caption-title\">MM\/D<\/div> <div class=\"cycloneslider-caption-description\"><\/div> <\/div> <\/div> <div class=\"cycloneslider-slide cycloneslider-slide-image\" > <img decoding=\"async\" src=\"https:\/\/rierge.com\/wp-content\/uploads\/2017\/06\/b_plastico_metacrilato_easynest5048B2-960x600.jpg\" alt=\"\" title=\"\" \/> <div class=\"cycloneslider-caption\"> <div class=\"cycloneslider-caption-title\">Easynest\/B<\/div> <div class=\"cycloneslider-caption-description\"><\/div> <\/div> <\/div> <div class=\"cycloneslider-slide cycloneslider-slide-image\" > <img decoding=\"async\" src=\"https:\/\/rierge.com\/wp-content\/uploads\/2017\/05\/jst_V_panel2-960x600.jpg\" alt=\"\" title=\"\" \/> <div class=\"cycloneslider-caption\"> <div class=\"cycloneslider-caption-title\">JST\/V<\/div> <div class=\"cycloneslider-caption-description\"><\/div> <\/div> <\/div> <div class=\"cycloneslider-slide cycloneslider-slide-image\" > <img decoding=\"async\" src=\"https:\/\/rierge.com\/wp-content\/uploads\/2017\/04\/megadoor2-960x600.jpg\" alt=\"\" title=\"\" \/> <div class=\"cycloneslider-caption\"> <div class=\"cycloneslider-caption-title\">Megadoor 2.3<\/div> <div class=\"cycloneslider-caption-description\"><\/div> <\/div> <\/div> <div class=\"cycloneslider-slide cycloneslider-slide-image\" > <img decoding=\"async\" src=\"https:\/\/rierge.com\/wp-content\/uploads\/2017\/04\/sjn_aero-960x600.jpg\" alt=\"\" title=\"\" \/> <div class=\"cycloneslider-caption\"> <div class=\"cycloneslider-caption-title\">SJN<\/div> <div class=\"cycloneslider-caption-description\"><\/div> <\/div> <\/div> <div class=\"cycloneslider-slide cycloneslider-slide-image\" > <img decoding=\"async\" src=\"https:\/\/rierge.com\/wp-content\/uploads\/2017\/08\/Easynes_3021_evo-960x600.jpg\" alt=\"\" title=\"\" \/> <div class=\"cycloneslider-caption\"> <div class=\"cycloneslider-caption-title\">Easynest Evolution<\/div> <div class=\"cycloneslider-caption-description\"><\/div> <\/div> <\/div> <div class=\"cycloneslider-slide cycloneslider-slide-image\" > <img decoding=\"async\" src=\"https:\/\/rierge.com\/wp-content\/uploads\/2017\/04\/b_metal_ferroviario_JST-960x600.jpg\" alt=\"\" title=\"\" \/> <div class=\"cycloneslider-caption\"> <div class=\"cycloneslider-caption-title\">JST<\/div> <div class=\"cycloneslider-caption-description\"><\/div> <\/div> <\/div> <div class=\"cycloneslider-slide cycloneslider-slide-image\" > <img decoding=\"async\" src=\"https:\/\/rierge.com\/wp-content\/uploads\/2017\/05\/b_metal_ferroviario_alufast70_2-960x600.jpg\" alt=\"\" title=\"\" \/> <div class=\"cycloneslider-caption\"> <div class=\"cycloneslider-caption-title\">Alufast<\/div> <div class=\"cycloneslider-caption-description\"><\/div> <\/div> <\/div> <div class=\"cycloneslider-slide cycloneslider-slide-image\" > <img decoding=\"async\" src=\"https:\/\/rierge.com\/wp-content\/uploads\/2017\/04\/mm5C_macizo2-960x600.jpg\" alt=\"\" title=\"\" \/> <div class=\"cycloneslider-caption\"> <div class=\"cycloneslider-caption-title\">MM-5<\/div> <div class=\"cycloneslider-caption-description\"><\/div> <\/div> <\/div> <div class=\"cycloneslider-slide cycloneslider-slide-image\" > <img decoding=\"async\" src=\"https:\/\/rierge.com\/wp-content\/uploads\/2023\/01\/MECADOOR-VICAIMA-960x600.jpg\" alt=\"\" title=\"\" \/> <div class=\"cycloneslider-caption\"> <div class=\"cycloneslider-caption-title\">MECADOOR<\/div> <div class=\"cycloneslider-caption-description\"><\/div> <\/div> <\/div> <div class=\"cycloneslider-slide cycloneslider-slide-image\" > <img decoding=\"async\" src=\"https:\/\/rierge.com\/wp-content\/uploads\/2017\/04\/mecacerc_20-960x600.jpg\" alt=\"\" title=\"\" \/> <div class=\"cycloneslider-caption\"> <div class=\"cycloneslider-caption-title\">MECACERC<\/div> <div class=\"cycloneslider-caption-description\"><\/div> <\/div> <\/div> <div class=\"cycloneslider-slide cycloneslider-slide-image\" > <img decoding=\"async\" src=\"https:\/\/rierge.com\/wp-content\/uploads\/2022\/02\/NTDOOR_30-960x600.jpg\" alt=\"\" title=\"\" \/> <div class=\"cycloneslider-caption\"> <div class=\"cycloneslider-caption-title\">NT\/DOOR<\/div> <div class=\"cycloneslider-caption-description\"><\/div> <\/div> <\/div> <\/div> <div class=\"cycloneslider-pager\"><\/div> <a href=\"#\" class=\"cycloneslider-prev\"> <span class=\"arrow\"><\/span> <\/a> <a href=\"#\" class=\"cycloneslider-next\"> <span class=\"arrow\"><\/span> <\/a> <\/div>\n<p><\/p>","protected":false},"excerpt":{"rendered":"<p>Calendari laboral oficial, de Rierge Seu Central ubicada a Barcelona, les delegacions es regeixen per un calendari diferent, adaptat als seus pa\u00efsos. Consultar a Delegacions. &nbsp;<\/p>\n","protected":false},"author":1,"featured_media":0,"parent":212,"menu_order":19,"comment_status":"closed","ping_status":"closed","template":"","meta":{"_mc_calendar":[],"footnotes":""},"class_list":["post-2377","page","type-page","status-publish","hentry"],"yoast_head":"<!-- This site is optimized with the Yoast SEO Premium plugin v18.4 (Yoast SEO v24.9) - https:\/\/yoast.com\/wordpress\/plugins\/seo\/ -->\n<title>Calendari RIERGE - RIERGE<\/title>\n<meta name=\"robots\" content=\"index, follow, max-snippet:-1, max-image-preview:large, max-video-preview:-1\" \/>\n<link rel=\"canonical\" href=\"https:\/\/rierge.com\/es\/contactar\/calendario-rierge\/\" \/>\n<meta property=\"og:locale\" content=\"ca_ES\" \/>\n<meta property=\"og:type\" content=\"article\" \/>\n<meta property=\"og:title\" content=\"[:es]Calendario RIERGE[:ca]Calendari RIERGE[:en]Calendar RIERGE[:fr]Calendar RIERGE[:pb]Calendar RIERGE[:]\" \/>\n<meta property=\"og:description\" content=\"Calendario laboral oficial, de Rierge Sede Central ubicada en Barcelona, las delegaciones se rigen por un calendario diferente, adaptado a sus pa\u00edses.\" \/>\n<meta property=\"og:url\" content=\"https:\/\/rierge.com\/es\/contactar\/calendario-rierge\/\" \/>\n<meta property=\"og:site_name\" content=\"RIERGE\" \/>\n<meta property=\"article:modified_time\" content=\"2017-09-02T08:01:12+00:00\" \/>\n<meta name=\"twitter:card\" content=\"summary_large_image\" \/>\n<meta name=\"twitter:label1\" content=\"Temps estimat de lectura\" \/>\n\t<meta name=\"twitter:data1\" content=\"1 minut\" \/>\n<script type=\"application\/ld+json\" class=\"yoast-schema-graph\">{\"@context\":\"https:\/\/schema.org\",\"@graph\":[{\"@type\":\"WebPage\",\"@id\":\"https:\/\/rierge.com\/es\/contactar\/calendario-rierge\/\",\"url\":\"https:\/\/rierge.com\/es\/contactar\/calendario-rierge\/\",\"name\":\"[:es]Calendario RIERGE[:ca]Calendari RIERGE[:en]Calendar RIERGE[:fr]Calendar RIERGE[:pb]Calendar RIERGE[:] - RIERGE\",\"isPartOf\":{\"@id\":\"https:\/\/rierge.com\/en\/#website\"},\"datePublished\":\"2017-05-29T15:54:44+00:00\",\"dateModified\":\"2017-09-02T08:01:12+00:00\",\"breadcrumb\":{\"@id\":\"https:\/\/rierge.com\/es\/contactar\/calendario-rierge\/#breadcrumb\"},\"inLanguage\":\"ca\",\"potentialAction\":[{\"@type\":\"ReadAction\",\"target\":[\"https:\/\/rierge.com\/es\/contactar\/calendario-rierge\/\"]}]},{\"@type\":\"BreadcrumbList\",\"@id\":\"https:\/\/rierge.com\/es\/contactar\/calendario-rierge\/#breadcrumb\",\"itemListElement\":[{\"@type\":\"ListItem\",\"position\":1,\"name\":\"Home\",\"item\":\"https:\/\/rierge.com\/\"},{\"@type\":\"ListItem\",\"position\":2,\"name\":\"Contactar\",\"item\":\"https:\/\/rierge.com\/es\/contactar\/\"},{\"@type\":\"ListItem\",\"position\":3,\"name\":\"Calendar RIERGE\"}]},{\"@type\":\"WebSite\",\"@id\":\"https:\/\/rierge.com\/en\/#website\",\"url\":\"https:\/\/rierge.com\/en\/\",\"name\":\"RIERGE\",\"description\":\"\",\"publisher\":{\"@id\":\"https:\/\/rierge.com\/en\/#organization\"},\"potentialAction\":[{\"@type\":\"SearchAction\",\"target\":{\"@type\":\"EntryPoint\",\"urlTemplate\":\"https:\/\/rierge.com\/en\/?s={search_term_string}\"},\"query-input\":{\"@type\":\"PropertyValueSpecification\",\"valueRequired\":true,\"valueName\":\"search_term_string\"}}],\"inLanguage\":\"ca\"},{\"@type\":\"Organization\",\"@id\":\"https:\/\/rierge.com\/en\/#organization\",\"name\":\"Rierge\",\"url\":\"https:\/\/rierge.com\/en\/\",\"logo\":{\"@type\":\"ImageObject\",\"inLanguage\":\"ca\",\"@id\":\"https:\/\/rierge.com\/en\/#\/schema\/logo\/image\/\",\"url\":\"https:\/\/rierge.com\/wp-content\/uploads\/2017\/06\/logo-rierge-desde-1954.jpg\",\"contentUrl\":\"https:\/\/rierge.com\/wp-content\/uploads\/2017\/06\/logo-rierge-desde-1954.jpg\",\"width\":180,\"height\":50,\"caption\":\"Rierge\"},\"image\":{\"@id\":\"https:\/\/rierge.com\/en\/#\/schema\/logo\/image\/\"}}]}<\/script>\n<!-- \/ Yoast SEO Premium plugin. -->","yoast_head_json":{"title":"[:es]Calendario RIERGE[:ca]Calendari RIERGE[:en]Calendar RIERGE[:fr]Calendar RIERGE[:pb]Calendar RIERGE[:] - RIERGE","robots":{"index":"index","follow":"follow","max-snippet":"max-snippet:-1","max-image-preview":"max-image-preview:large","max-video-preview":"max-video-preview:-1"},"canonical":"https:\/\/rierge.com\/es\/contactar\/calendario-rierge\/","og_locale":"ca_ES","og_type":"article","og_title":"[:es]Calendario RIERGE[:ca]Calendari RIERGE[:en]Calendar RIERGE[:fr]Calendar RIERGE[:pb]Calendar RIERGE[:]","og_description":"Calendario laboral oficial, de Rierge Sede Central ubicada en Barcelona, las delegaciones se rigen por un calendario diferente, adaptado a sus pa\u00edses.","og_url":"https:\/\/rierge.com\/es\/contactar\/calendario-rierge\/","og_site_name":"RIERGE","article_modified_time":"2017-09-02T08:01:12+00:00","twitter_card":"summary_large_image","twitter_misc":{"Temps estimat de lectura":"1 minut"},"schema":{"@context":"https:\/\/schema.org","@graph":[{"@type":"WebPage","@id":"https:\/\/rierge.com\/es\/contactar\/calendario-rierge\/","url":"https:\/\/rierge.com\/es\/contactar\/calendario-rierge\/","name":"[:es]Calendario RIERGE[:ca]Calendari RIERGE[:en]Calendar RIERGE[:fr]Calendar RIERGE[:pb]Calendar RIERGE[:] - RIERGE","isPartOf":{"@id":"https:\/\/rierge.com\/en\/#website"},"datePublished":"2017-05-29T15:54:44+00:00","dateModified":"2017-09-02T08:01:12+00:00","breadcrumb":{"@id":"https:\/\/rierge.com\/es\/contactar\/calendario-rierge\/#breadcrumb"},"inLanguage":"ca","potentialAction":[{"@type":"ReadAction","target":["https:\/\/rierge.com\/es\/contactar\/calendario-rierge\/"]}]},{"@type":"BreadcrumbList","@id":"https:\/\/rierge.com\/es\/contactar\/calendario-rierge\/#breadcrumb","itemListElement":[{"@type":"ListItem","position":1,"name":"Home","item":"https:\/\/rierge.com\/"},{"@type":"ListItem","position":2,"name":"Contactar","item":"https:\/\/rierge.com\/es\/contactar\/"},{"@type":"ListItem","position":3,"name":"Calendar RIERGE"}]},{"@type":"WebSite","@id":"https:\/\/rierge.com\/en\/#website","url":"https:\/\/rierge.com\/en\/","name":"RIERGE","description":"","publisher":{"@id":"https:\/\/rierge.com\/en\/#organization"},"potentialAction":[{"@type":"SearchAction","target":{"@type":"EntryPoint","urlTemplate":"https:\/\/rierge.com\/en\/?s={search_term_string}"},"query-input":{"@type":"PropertyValueSpecification","valueRequired":true,"valueName":"search_term_string"}}],"inLanguage":"ca"},{"@type":"Organization","@id":"https:\/\/rierge.com\/en\/#organization","name":"Rierge","url":"https:\/\/rierge.com\/en\/","logo":{"@type":"ImageObject","inLanguage":"ca","@id":"https:\/\/rierge.com\/en\/#\/schema\/logo\/image\/","url":"https:\/\/rierge.com\/wp-content\/uploads\/2017\/06\/logo-rierge-desde-1954.jpg","contentUrl":"https:\/\/rierge.com\/wp-content\/uploads\/2017\/06\/logo-rierge-desde-1954.jpg","width":180,"height":50,"caption":"Rierge"},"image":{"@id":"https:\/\/rierge.com\/en\/#\/schema\/logo\/image\/"}}]}},"_links":{"self":[{"href":"https:\/\/rierge.com\/ca\/wp-json\/wp\/v2\/pages\/2377","targetHints":{"allow":["GET"]}}],"collection":[{"href":"https:\/\/rierge.com\/ca\/wp-json\/wp\/v2\/pages"}],"about":[{"href":"https:\/\/rierge.com\/ca\/wp-json\/wp\/v2\/types\/page"}],"author":[{"embeddable":true,"href":"https:\/\/rierge.com\/ca\/wp-json\/wp\/v2\/users\/1"}],"replies":[{"embeddable":true,"href":"https:\/\/rierge.com\/ca\/wp-json\/wp\/v2\/comments?post=2377"}],"version-history":[{"count":0,"href":"https:\/\/rierge.com\/ca\/wp-json\/wp\/v2\/pages\/2377\/revisions"}],"up":[{"embeddable":true,"href":"https:\/\/rierge.com\/ca\/wp-json\/wp\/v2\/pages\/212"}],"wp:attachment":[{"href":"https:\/\/rierge.com\/ca\/wp-json\/wp\/v2\/media?parent=2377"}],"curies":[{"name":"wp","href":"https:\/\/api.w.org\/{rel}","templated":true}]}}