{"id":1539,"date":"2017-05-08T12:08:48","date_gmt":"2017-05-08T12:08:48","guid":{"rendered":"http:\/\/rierge.com\/?page_id=1539"},"modified":"2020-01-29T10:43:29","modified_gmt":"2020-01-29T10:43:29","slug":"ferias-y-eventos-rierge","status":"publish","type":"page","link":"https:\/\/rierge.com\/ca\/contactar\/ferias-y-eventos-rierge\/","title":{"rendered":"Fires i Esdeveniments"},"content":{"rendered":"<article><div class=\"event-feria table\"><p class=\"date-event\">24\/03\/2025<\/p><div class=\"grid-10\"><img loading=\"lazy\" decoding=\"async\" width=\"280\" height=\"243\" src=\"https:\/\/rierge.com\/wp-content\/uploads\/2017\/03\/1580726226-DDX-Logo-LINEAR-VERSION-white-280x243.png\" class=\"attachment-thumbnail size-thumbnail wp-post-image\" alt=\"\" \/><\/div><div class=\"grid-80 ferias-eventos\"><h3>(Espa\u00f1ol) XDesignPRO<span class=\"zona-evento\"><\/span><\/h3><p><p class=\"qtranxs-available-languages-message qtranxs-available-languages-message-ca\">Ho sentim, aquesta entrada es troba disponible \u00fanicament en <a href=\"https:\/\/rierge.com\/es\/wp-json\/wp\/v2\/pages\/1539\" class=\"qtranxs-available-language-link qtranxs-available-language-link-es\" title=\"Espa\u00f1ol\">Espa\u00f1ol<\/a>.<\/p>\n<\/p><div class=\"extend\"><\/div><div class=\"clear\"><\/div><\/div><\/article><article><div class=\"event-feria table\"><p class=\"date-event\">26\/05\/2025<\/p><div class=\"grid-10\"><img loading=\"lazy\" decoding=\"async\" width=\"150\" height=\"150\" src=\"https:\/\/rierge.com\/wp-content\/uploads\/2025\/03\/ligna.jpg\" class=\"attachment-thumbnail size-thumbnail wp-post-image\" alt=\"\" srcset=\"https:\/\/rierge.com\/wp-content\/uploads\/2025\/03\/ligna.jpg 150w, https:\/\/rierge.com\/wp-content\/uploads\/2025\/03\/ligna-60x60.jpg 60w, https:\/\/rierge.com\/wp-content\/uploads\/2025\/03\/ligna-125x125.jpg 125w, https:\/\/rierge.com\/wp-content\/uploads\/2025\/03\/ligna-100x100.jpg 100w\" sizes=\"auto, (max-width: 150px) 100vw, 150px\" \/><\/div><div class=\"grid-80 ferias-eventos\"><h3>LIGNA<span class=\"zona-evento\">HANNOVER (ALEMANIA)<\/span><\/h3><p><p><span class=\"HwtZe\" lang=\"ca\"><span class=\"jCAhz ChMk0b\"><span class=\"ryNqvb\">Estarem a LIGNA HANNOVER, Visiteu-nos al Stand C41 Pabellon 13<\/span><\/span><\/span><\/p>\n<\/p><div class=\"extend\"><\/div><div class=\"clear\"><\/div><\/div><\/article><article><div class=\"event-feria table\"><p class=\"date-event\">16\/04\/2024<\/p><div class=\"grid-10\"><img loading=\"lazy\" decoding=\"async\" width=\"280\" height=\"280\" src=\"https:\/\/rierge.com\/wp-content\/uploads\/2023\/02\/20230221_113827-280x280.jpg\" class=\"attachment-thumbnail size-thumbnail wp-post-image\" alt=\"\" srcset=\"https:\/\/rierge.com\/wp-content\/uploads\/2023\/02\/20230221_113827-280x280.jpg 280w, https:\/\/rierge.com\/wp-content\/uploads\/2023\/02\/20230221_113827-60x60.jpg 60w, https:\/\/rierge.com\/wp-content\/uploads\/2023\/02\/20230221_113827-100x100.jpg 100w, https:\/\/rierge.com\/wp-content\/uploads\/2023\/02\/20230221_113827-300x300.jpg 300w\" sizes=\"auto, (max-width: 280px) 100vw, 280px\" \/><\/div><div class=\"grid-80 ferias-eventos\"><h3>FIMMA\/MADERALIA<span class=\"zona-evento\"><\/span><\/h3><p><p><span class=\"HwtZe\" lang=\"ca\"><span class=\"jCAhz ChMk0b\"><span class=\"ryNqvb\">Ja estan confirmades les dates per a la propera FIMMA\/MADERIA 24, se celebrar\u00e0 a la ciutat de Val\u00e8ncia Espanya del 14 al 17 de Maig del 2024.<\/span><\/span> <\/span><\/p>\n<p><span class=\"HwtZe\" lang=\"ca\"><span class=\"jCAhz ChMk0b\"><span class=\"ryNqvb\">Des d&#8217;aquest moment, ens posem a treballar, per poder mostrar els productes m\u00e9s avan\u00e7ats de la nostra gamma.<\/span><\/span><\/span><\/p>\n<p><strong><span style=\"color: #ff0000;\">Pabell\u00f3 N2 P1 Stand C11 del 14 al 17\/05\/2024<\/span><\/strong><\/p>\n<p>&nbsp;<\/p>\n<p><a href=\"https:\/\/youtu.be\/E0wRVIFJ-q0\" target=\"_blank\" rel=\"noopener\">V\u00eddeo de l&#8217;esdeveniment<\/a><\/p>\n<p>&nbsp;<\/p>\n<\/p><div class=\"extend\"><\/div><div class=\"clear\"><\/div><\/div><\/article><article><div class=\"event-feria table\"><p class=\"date-event\">10\/11\/2022<\/p><div class=\"grid-10\"><\/div><div class=\"grid-80 ferias-eventos\"><h3>(Espa\u00f1ol) FIMAP Portugal<span class=\"zona-evento\"><\/span><\/h3><p><p class=\"qtranxs-available-languages-message qtranxs-available-languages-message-ca\">Ho sentim, aquesta entrada es troba disponible \u00fanicament en <a href=\"https:\/\/rierge.com\/es\/wp-json\/wp\/v2\/pages\/1539\" class=\"qtranxs-available-language-link qtranxs-available-language-link-es\" title=\"Espa\u00f1ol\">Espa\u00f1ol<\/a> i <a href=\"https:\/\/rierge.com\/pb\/wp-json\/wp\/v2\/pages\/1539\" class=\"qtranxs-available-language-link qtranxs-available-language-link-pb\" title=\"Portugu\u00eas do Brasil\">Portugu\u00eas do Brasil<\/a>.<\/p>\n<\/p><div class=\"extend\"><\/div><div class=\"clear\"><\/div><\/div><\/article><article><div class=\"event-feria table\"><p class=\"date-event\">04\/11\/2022<\/p><div class=\"grid-10\"><\/div><div class=\"grid-80 ferias-eventos\"><h3>Houtpro+<span class=\"zona-evento\"><\/span><\/h3><p><p><span class=\"HwtZe\" lang=\"ca\"><span class=\"jCAhz ChMk0b\"><span class=\"ryNqvb\">Estarem presents a la Fira Houtpro+ a Hertogenbosch, on juntament amb el nostre distribu\u00efdor VIVA MACHINES, presentarem els nostres centres de mecanitzat cnc a les ind\u00fastries dels Pa\u00efsos del Benelux<\/span><\/span><\/span><\/p>\n<\/p><div class=\"extend\"><\/div><div class=\"clear\"><\/div><\/div><\/article><article><div class=\"event-feria table\"><p class=\"date-event\">14\/06\/2022<\/p><div class=\"grid-10\"><\/div><div class=\"grid-80 ferias-eventos\"><h3>EUROBOIS<span class=\"zona-evento\">(Fran\u00e7ais) Lyon  France<\/span><\/h3><p><p class=\"qtranxs-available-languages-message qtranxs-available-languages-message-ca\">Ho sentim, aquesta entrada es troba disponible \u00fanicament en <a href=\"https:\/\/rierge.com\/es\/wp-json\/wp\/v2\/pages\/1539\" class=\"qtranxs-available-language-link qtranxs-available-language-link-es\" title=\"Espa\u00f1ol\">Espa\u00f1ol<\/a>, <a href=\"https:\/\/rierge.com\/fr\/wp-json\/wp\/v2\/pages\/1539\" class=\"qtranxs-available-language-link qtranxs-available-language-link-fr\" title=\"Fran\u00e7ais\">Fran\u00e7ais<\/a> i <a href=\"https:\/\/rierge.com\/pb\/wp-json\/wp\/v2\/pages\/1539\" class=\"qtranxs-available-language-link qtranxs-available-language-link-pb\" title=\"Portugu\u00eas do Brasil\">Portugu\u00eas do Brasil<\/a>.<\/p>\n<\/p><div class=\"extend\"><\/div><div class=\"clear\"><\/div><\/div><\/article><article><div class=\"event-feria table\"><p class=\"date-event\">10\/03\/2020<\/p><div class=\"grid-10\"><img loading=\"lazy\" decoding=\"async\" width=\"230\" height=\"100\" src=\"https:\/\/rierge.com\/wp-content\/uploads\/2020\/01\/230x100.gif\" class=\"attachment-thumbnail size-thumbnail wp-post-image\" alt=\"\" srcset=\"https:\/\/rierge.com\/wp-content\/uploads\/2020\/01\/230x100.gif 230w, https:\/\/rierge.com\/wp-content\/uploads\/2020\/01\/230x100-60x26.gif 60w, https:\/\/rierge.com\/wp-content\/uploads\/2020\/01\/230x100-125x54.gif 125w\" sizes=\"auto, (max-width: 230px) 100vw, 230px\" \/><\/div><div class=\"grid-80 ferias-eventos\"><h3>FIMMA MADERALIA 2022<span class=\"zona-evento\"><\/span><\/h3><p><p><span class=\"tlid-translation translation\"><span class=\"\" title=\"\"><span class=\"tlid-translation translation\" lang=\"ca\"><span class=\"VIiyi\" lang=\"ca\"><span class=\"JLqJ4b ChMk0b\" data-language-for-alternatives=\"ca\" data-language-to-translate-into=\"es\" data-phrase-index=\"0\" data-number-of-phrases=\"3\">Del 29 de mar\u00e7 a l&#8217;1 d&#8217;abril del 2022, se celebrar\u00e0 a Val\u00e8ncia la fira FIMMA per al sector de maquin\u00e0ria per treballar la fusta, on bianualment els fabricants de maquin\u00e0ria m\u00e9s importants, es donen cita per presentar les seves \u00faltimes novetats.<\/span> <span class=\"JLqJ4b ChMk0b\" data-language-for-alternatives=\"ca\" data-language-to-translate-into=\"es\" data-phrase-index=\"2\" data-number-of-phrases=\"3\">Rierge, com ha fet durant m\u00e9s de 50 anys, ser\u00e0 present a l&#8217;esdeveniment.<\/span><\/span> <\/span><\/span><\/span><\/p>\n<p>&nbsp;<\/p>\n<p><iframe loading=\"lazy\" src=\"\/\/www.youtube.com\/embed\/hFIs-HYFgiU\" width=\"560\" height=\"314\" allowfullscreen=\"allowfullscreen\"><\/iframe><\/p>\n<p>&nbsp;<\/p>\n<\/p><div class=\"extend\"><\/div><div class=\"clear\"><\/div><\/div><\/article><article><div class=\"event-feria table\"><p class=\"date-event\">14\/10\/2019<\/p><div class=\"grid-10\"><\/div><div class=\"grid-80 ferias-eventos\"><h3>(Espa\u00f1ol) Madera Sostenible<span class=\"zona-evento\"><\/span><\/h3><p><p>El portal del sector, presente en la celebraci\u00f3n del<a href=\"https:\/\/madera-sostenible.com\/maquinaria\/rierge-cumple-65-anos\/\" target=\"_blank\" rel=\"noopener\"> 65 aniversario de Rierge<\/a><\/p>\n<\/p><div class=\"extend\"><\/div><div class=\"clear\"><\/div><\/div><\/article><article><div class=\"event-feria table\"><p class=\"date-event\">15\/11\/2019<\/p><div class=\"grid-10\"><\/div><div class=\"grid-80 ferias-eventos\"><h3>Entrevista a Santi Riera<span class=\"zona-evento\"><\/span><\/h3><p><p><span class=\"tlid-translation translation\" lang=\"ca\"><span title=\"\">Amb<\/span> <span title=\"\">motiu<\/span> <span title=\"\">de<\/span> <span title=\"\">l&#8217;<\/span><span title=\"\">65<\/span> <span title=\"\">aniversari de<\/span> <span title=\"\">Rierge<\/span><span title=\"\">,<\/span> <span title=\"\">Interempresas<\/span> <span title=\"\">realitza un<\/span><a href=\"http:\/\/www.interempresas.net\/Madera\/Articulos\/259222-Entrevista-a-Santi-Riera-gerente-de-Rierge.html\" target=\"_blank\" rel=\"noopener\"> <span title=\"\">entrevista<\/span> <span title=\"\">a<\/span> <span title=\"\">l&#8217;actual<\/span> <span class=\"\" title=\"\">director general.<\/span><\/a><\/span><\/p>\n<p>&nbsp;<\/p>\n<\/p><div class=\"extend\"><\/div><div class=\"clear\"><\/div><\/div><\/article><article><div class=\"event-feria table\"><p class=\"date-event\">14\/10\/2019<\/p><div class=\"grid-10\"><\/div><div class=\"grid-80 ferias-eventos\"><h3>Interempresas<span class=\"zona-evento\"><\/span><\/h3><p><p><span class=\"tlid-translation translation\" lang=\"ca\"><span title=\"\">La revista d&#8217;<\/span><span title=\"\">el sector,<\/span> <span title=\"\">es<\/span> <span title=\"\">fa<\/span> <span title=\"\">ress\u00f2 de la<\/span> <span title=\"\">celebraci\u00f3<\/span> <span title=\"\">de<\/span>l <a href=\"http:\/\/www.interempresas.net\/Madera\/Articulos\/258804-Rierge-cumple-65-anos.html\" target=\"_blank\" rel=\"noopener\">65 aniversari de Rierge<\/a><\/span><\/p>\n<\/p><div class=\"extend\"><\/div><div class=\"clear\"><\/div><\/div><\/article><article><div class=\"event-feria table\"><p class=\"date-event\">26\/03\/2019<\/p><div class=\"grid-10\"><img loading=\"lazy\" decoding=\"async\" width=\"100\" height=\"100\" src=\"https:\/\/rierge.com\/wp-content\/uploads\/2019\/02\/58f6373a7e16f-finnma-e1551266800464.png\" class=\"attachment-thumbnail size-thumbnail wp-post-image\" alt=\"\" \/><\/div><div class=\"grid-80 ferias-eventos\"><h3>FIMMA 2019 BENTO\/BRASIL<span class=\"zona-evento\">(Portugu\u00eas do Brasil) Bento Gon\u00e7alves - Brasil<\/span><\/h3><p><p>En aquest mes de Mar\u00e7 del 26 al 29 de Mar\u00e7, es celebrar\u00e0 a Bento Gon\u00e7alves la Fira FIMMA on estarem presents.<br \/>\n<span class=\"tlid-translation translation\"><span title=\"\">L&#8217;esperem<\/span> <span title=\"\">al nostre<\/span> <span title=\"\">estand<\/span> <span title=\"\">554-555-556<\/span> <span title=\"\">al Pavell\u00f3<\/span> <span title=\"\">E<\/span> <span title=\"\">Rua<\/span> <span title=\"\">28<\/span><\/span><\/p>\n<\/p><div class=\"extend\"><\/div><div class=\"clear\"><\/div><\/div><\/article><article><div class=\"event-feria table\"><p class=\"date-event\">06\/02\/2018<\/p><div class=\"grid-10\"><img loading=\"lazy\" decoding=\"async\" width=\"45\" height=\"41\" src=\"https:\/\/rierge.com\/wp-content\/uploads\/2017\/05\/Captura-de-pantalla-2017-05-19-a-las-20.30.55.png\" class=\"attachment-thumbnail size-thumbnail wp-post-image\" alt=\"\" \/><\/div><div class=\"grid-80 ferias-eventos\"><h3>FIMMA VALENCIA<span class=\"zona-evento\">Valencia<\/span><\/h3><p><p style=\"text-align: justify;\">Ser\u00e0 a Val\u00e8ncia durant les dies 6 &#8211; 9 de febrer del 2018, on tindrem la oportunitat de presentar, les \u00faltimes novetats en centres de mecanitzat CNC.<\/p>\n<p>&nbsp;<\/p>\n<p><a href=\"http:\/\/www.feriavalencia.com\/plano\/\" target=\"_blank\" rel=\"noopener\"><span style=\"color: #ff6600;\"><strong>PABELL\u00d3 7 NIVELL 2 STAND C18<\/strong><\/span><\/a><\/p>\n<p>&nbsp;<\/p>\n<p><a href=\"http:\/\/fimma-maderalia.feriavalencia.com\/solicitud-de-entradas\/\">SOL.LICITA L&#8217;ENTRADA<\/a><\/p>\n<p><span id=\"result_box\" class=\"short_text\" lang=\"ca\"><span class=\"\">V\u00eddeo durant l&#8217;esdeveniment.<\/span><\/span><\/p>\n<p><iframe loading=\"lazy\" src=\"\/\/www.youtube.com\/embed\/l5e5jG4Gp1g\" width=\"560\" height=\"314\" allowfullscreen=\"allowfullscreen\"><\/iframe><\/p>\n<\/p><div class=\"extend\"><\/div><div class=\"clear\"><\/div><\/div><\/article><article><div class=\"event-feria table\"><p class=\"date-event\">13\/07\/2017<\/p><div class=\"grid-10\"><img loading=\"lazy\" decoding=\"async\" width=\"38\" height=\"40\" src=\"https:\/\/rierge.com\/wp-content\/uploads\/2017\/05\/Captura-de-pantalla-2017-05-19-a-las-20.31.04.png\" class=\"attachment-thumbnail size-thumbnail wp-post-image\" alt=\"\" \/><\/div><div class=\"grid-80 ferias-eventos\"><h3>Presentaci\u00f3 Renishaw<span class=\"zona-evento\">(Espa\u00f1ol) Rierge Planta II<\/span><\/h3><p><p style=\"text-align: justify;\">A les nostres instal\u00b7lacions de Martorelles, tindr\u00e0 lloc el proper dia 13 de Juliol a les 9 a.m., la presentaci\u00f3 per part de Renishaw de: Sonda de RMP600 i dels softwares NC-Checker i NC-Perfectpart.<\/p>\n<p> <a href=\"https:\/\/rierge.com\/ca\/evento\/presentacion-renishaw\/#more-2799\" class=\"more-link\"><\/p>\n<p class=\"plus-event\">INFO<\/p>\n<p><\/a><\/p>\n<\/p><div class=\"extend\"><\/p>\n<p style=\"text-align: justify;\"><a href=\"http:\/\/www.renishaw.es\/es\/sonda-de-contacto-de-alta-precision-rmp600--8880\" target=\"_blank\" rel=\"noopener\"><strong>RMP600<\/strong><\/a> \u00e9s una sonda de contacte compacta d&#8217;alta precisi\u00f3, amb transmissi\u00f3 per senyals de radio, que proporciona totes les avantatges de la preparaci\u00f3 autom\u00e0tica dels treballs, a m\u00e9s de la capacitat de medir geometries de peces 3D complexes en centres de mecanitzats de qualsevol mida, incloses les m\u00e0quines multitasques.<\/p>\n<p style=\"text-align: justify;\">\u00a0<\/p>\n<p style=\"text-align: justify;\"><span id=\"result_box\" class=\"\" lang=\"es\"><a href=\"http:\/\/metsoftpro.com\/nc-checker\/\" target=\"_blank\" rel=\"noopener\"><strong>NC-Checker<\/strong><\/a> comproba r\u00e0pidament els moviments linials i rotatius de la seva m\u00e0quina-eina i combina els resultats en un sol informe. Al comprobar les toler\u00e0ncies de la seva m\u00e0quina-eina, NC-Checker proporciona un nivell de diagn\u00f2stic de la m\u00e0quina eina. Els diagn\u00f2stics permeten confirmar la precisi\u00f3 de la seva m\u00e0quina-eina de 5 eixos.<br \/>\n <\/span><\/p>\n<p style=\"text-align: justify;\">La configuraci\u00f3 de peces defectuoses i la fixaci\u00f3 tamb\u00e9 poden ser una ra\u00ed per a les parts inexactes.<\/p>\n<p style=\"text-align: justify;\">\u00a0<\/p>\n<p style=\"text-align: justify;\"><span id=\"result_box\" class=\"\" lang=\"es\">Tradicionalment, els errors de producci\u00f3 es descobreixen en la inspecci\u00f3 final, despr\u00e9s de que la pe\u00e7a ja hagi sigut mecanitzada. <\/span><a href=\"http:\/\/metsoftpro.com\/nc-perfectpart\/\" target=\"_blank\" rel=\"noopener\"><strong>NC-PerfectPart<\/strong><\/a> <span id=\"result_box\" class=\"\" lang=\"es\">identifica i informa dels errors abans de tallar qualsevol material. Minimitzaci\u00f3 de costos, retreballs manuals i concessions, mentre que la productivitat de la m\u00e0quina es maximitza.<br \/>\n <\/span><\/p>\n<p style=\"text-align: justify;\">Tot i que soni com un somni, \u00e9s una realitat per a moltes empreses que fan servir el premiat sistema de MSP per eliminar errors de la producci\u00f3 parcial.<\/p>\n<p>&nbsp;<\/p>\n<\/div><div class=\"clear\"><\/div><\/div><\/article>\n<p>&nbsp;<\/p>\n<div class=\"banner-shortcode\" style=\"background: url(https:\/\/rierge.com\/wp-content\/uploads\/2026\/02\/1.-Info-web-Cartel-RIERGEpdf.png) no-repeat;\n\n  width: 100%;\n  height:552px;\n  background-position: center left;\n  display:block;\n  \n\"><div class=\"content_short\"><h3 style=\"text-align: right; padding-top: 35px;\"><span style=\"color: #ff6600;\">\u00a0<\/span><\/h3><\/div><\/div><div class=\"clear\"><\/div>\n<p>&nbsp;<\/p>\n<p style=\"text-align: center;\"><ul class=\"videos\"><li class=\"grid-70\"><iframe loading=\"lazy\" width=\"100%\" height=\"250\" src=\"https:\/\/www.youtube.com\/embed\/6UbKNKBYW9w?rel=0\" frameborder=\"0\" allowfullscreen><\/iframe><\/ul><\/p>\n","protected":false},"excerpt":{"rendered":"<p>&nbsp; &nbsp;<\/p>\n","protected":false},"author":1,"featured_media":4692,"parent":212,"menu_order":20,"comment_status":"closed","ping_status":"closed","template":"","meta":{"_mc_calendar":[],"footnotes":""},"class_list":["post-1539","page","type-page","status-publish","has-post-thumbnail","hentry"],"yoast_head":"<!-- This site is optimized with the Yoast SEO Premium plugin v18.4 (Yoast SEO v24.9) - https:\/\/yoast.com\/wordpress\/plugins\/seo\/ -->\n<title>Fires i Esdeveniments - RIERGE<\/title>\n<meta name=\"robots\" content=\"index, follow, max-snippet:-1, max-image-preview:large, max-video-preview:-1\" \/>\n<link rel=\"canonical\" href=\"https:\/\/rierge.com\/es\/contactar\/ferias-y-eventos\/\" \/>\n<meta property=\"og:locale\" content=\"ca_ES\" \/>\n<meta property=\"og:type\" content=\"article\" \/>\n<meta property=\"og:title\" content=\"[:es]Ferias y Eventos[:ca]Fires i Esdeveniments[:en]Fairs and Events[:fr]Foires &amp; \u00c9v\u00e9nements[:pb]Ferias y Eventos[:]\" \/>\n<meta property=\"og:description\" content=\"&nbsp;  &nbsp;\" \/>\n<meta property=\"og:url\" content=\"https:\/\/rierge.com\/es\/contactar\/ferias-y-eventos\/\" \/>\n<meta property=\"og:site_name\" content=\"RIERGE\" \/>\n<meta property=\"article:modified_time\" content=\"2020-01-29T10:43:29+00:00\" \/>\n<meta property=\"og:image\" content=\"https:\/\/rierge.com\/wp-content\/uploads\/2018\/02\/panoramica-stand.jpg\" \/>\n\t<meta property=\"og:image:width\" content=\"1299\" \/>\n\t<meta property=\"og:image:height\" content=\"230\" \/>\n\t<meta property=\"og:image:type\" content=\"image\/jpeg\" \/>\n<meta name=\"twitter:card\" content=\"summary_large_image\" \/>\n<script type=\"application\/ld+json\" class=\"yoast-schema-graph\">{\"@context\":\"https:\/\/schema.org\",\"@graph\":[{\"@type\":\"WebPage\",\"@id\":\"https:\/\/rierge.com\/es\/contactar\/ferias-y-eventos\/\",\"url\":\"https:\/\/rierge.com\/es\/contactar\/ferias-y-eventos\/\",\"name\":\"[:es]Ferias y Eventos[:ca]Fires i Esdeveniments[:en]Fairs and Events[:fr]Foires & \u00c9v\u00e9nements[:pb]Ferias y Eventos[:] - RIERGE\",\"isPartOf\":{\"@id\":\"https:\/\/rierge.com\/en\/#website\"},\"primaryImageOfPage\":{\"@id\":\"https:\/\/rierge.com\/es\/contactar\/ferias-y-eventos\/#primaryimage\"},\"image\":{\"@id\":\"https:\/\/rierge.com\/es\/contactar\/ferias-y-eventos\/#primaryimage\"},\"thumbnailUrl\":\"https:\/\/rierge.com\/wp-content\/uploads\/2018\/02\/panoramica-stand.jpg\",\"datePublished\":\"2017-05-08T12:08:48+00:00\",\"dateModified\":\"2020-01-29T10:43:29+00:00\",\"breadcrumb\":{\"@id\":\"https:\/\/rierge.com\/es\/contactar\/ferias-y-eventos\/#breadcrumb\"},\"inLanguage\":\"ca\",\"potentialAction\":[{\"@type\":\"ReadAction\",\"target\":[\"https:\/\/rierge.com\/es\/contactar\/ferias-y-eventos\/\"]}]},{\"@type\":\"ImageObject\",\"inLanguage\":\"ca\",\"@id\":\"https:\/\/rierge.com\/es\/contactar\/ferias-y-eventos\/#primaryimage\",\"url\":\"https:\/\/rierge.com\/wp-content\/uploads\/2018\/02\/panoramica-stand.jpg\",\"contentUrl\":\"https:\/\/rierge.com\/wp-content\/uploads\/2018\/02\/panoramica-stand.jpg\",\"width\":1299,\"height\":230},{\"@type\":\"BreadcrumbList\",\"@id\":\"https:\/\/rierge.com\/es\/contactar\/ferias-y-eventos\/#breadcrumb\",\"itemListElement\":[{\"@type\":\"ListItem\",\"position\":1,\"name\":\"Home\",\"item\":\"https:\/\/rierge.com\/\"},{\"@type\":\"ListItem\",\"position\":2,\"name\":\"Contactar\",\"item\":\"https:\/\/rierge.com\/es\/contactar\/\"},{\"@type\":\"ListItem\",\"position\":3,\"name\":\"Ferias y Eventos\"}]},{\"@type\":\"WebSite\",\"@id\":\"https:\/\/rierge.com\/en\/#website\",\"url\":\"https:\/\/rierge.com\/en\/\",\"name\":\"RIERGE\",\"description\":\"\",\"publisher\":{\"@id\":\"https:\/\/rierge.com\/en\/#organization\"},\"potentialAction\":[{\"@type\":\"SearchAction\",\"target\":{\"@type\":\"EntryPoint\",\"urlTemplate\":\"https:\/\/rierge.com\/en\/?s={search_term_string}\"},\"query-input\":{\"@type\":\"PropertyValueSpecification\",\"valueRequired\":true,\"valueName\":\"search_term_string\"}}],\"inLanguage\":\"ca\"},{\"@type\":\"Organization\",\"@id\":\"https:\/\/rierge.com\/en\/#organization\",\"name\":\"Rierge\",\"url\":\"https:\/\/rierge.com\/en\/\",\"logo\":{\"@type\":\"ImageObject\",\"inLanguage\":\"ca\",\"@id\":\"https:\/\/rierge.com\/en\/#\/schema\/logo\/image\/\",\"url\":\"https:\/\/rierge.com\/wp-content\/uploads\/2017\/06\/logo-rierge-desde-1954.jpg\",\"contentUrl\":\"https:\/\/rierge.com\/wp-content\/uploads\/2017\/06\/logo-rierge-desde-1954.jpg\",\"width\":180,\"height\":50,\"caption\":\"Rierge\"},\"image\":{\"@id\":\"https:\/\/rierge.com\/en\/#\/schema\/logo\/image\/\"}}]}<\/script>\n<!-- \/ Yoast SEO Premium plugin. -->","yoast_head_json":{"title":"[:es]Ferias y Eventos[:ca]Fires i Esdeveniments[:en]Fairs and Events[:fr]Foires & \u00c9v\u00e9nements[:pb]Ferias y Eventos[:] - RIERGE","robots":{"index":"index","follow":"follow","max-snippet":"max-snippet:-1","max-image-preview":"max-image-preview:large","max-video-preview":"max-video-preview:-1"},"canonical":"https:\/\/rierge.com\/es\/contactar\/ferias-y-eventos\/","og_locale":"ca_ES","og_type":"article","og_title":"[:es]Ferias y Eventos[:ca]Fires i Esdeveniments[:en]Fairs and Events[:fr]Foires & \u00c9v\u00e9nements[:pb]Ferias y Eventos[:]","og_description":"&nbsp;  &nbsp;","og_url":"https:\/\/rierge.com\/es\/contactar\/ferias-y-eventos\/","og_site_name":"RIERGE","article_modified_time":"2020-01-29T10:43:29+00:00","og_image":[{"width":1299,"height":230,"url":"https:\/\/rierge.com\/wp-content\/uploads\/2018\/02\/panoramica-stand.jpg","type":"image\/jpeg"}],"twitter_card":"summary_large_image","schema":{"@context":"https:\/\/schema.org","@graph":[{"@type":"WebPage","@id":"https:\/\/rierge.com\/es\/contactar\/ferias-y-eventos\/","url":"https:\/\/rierge.com\/es\/contactar\/ferias-y-eventos\/","name":"[:es]Ferias y Eventos[:ca]Fires i Esdeveniments[:en]Fairs and Events[:fr]Foires & \u00c9v\u00e9nements[:pb]Ferias y Eventos[:] - RIERGE","isPartOf":{"@id":"https:\/\/rierge.com\/en\/#website"},"primaryImageOfPage":{"@id":"https:\/\/rierge.com\/es\/contactar\/ferias-y-eventos\/#primaryimage"},"image":{"@id":"https:\/\/rierge.com\/es\/contactar\/ferias-y-eventos\/#primaryimage"},"thumbnailUrl":"https:\/\/rierge.com\/wp-content\/uploads\/2018\/02\/panoramica-stand.jpg","datePublished":"2017-05-08T12:08:48+00:00","dateModified":"2020-01-29T10:43:29+00:00","breadcrumb":{"@id":"https:\/\/rierge.com\/es\/contactar\/ferias-y-eventos\/#breadcrumb"},"inLanguage":"ca","potentialAction":[{"@type":"ReadAction","target":["https:\/\/rierge.com\/es\/contactar\/ferias-y-eventos\/"]}]},{"@type":"ImageObject","inLanguage":"ca","@id":"https:\/\/rierge.com\/es\/contactar\/ferias-y-eventos\/#primaryimage","url":"https:\/\/rierge.com\/wp-content\/uploads\/2018\/02\/panoramica-stand.jpg","contentUrl":"https:\/\/rierge.com\/wp-content\/uploads\/2018\/02\/panoramica-stand.jpg","width":1299,"height":230},{"@type":"BreadcrumbList","@id":"https:\/\/rierge.com\/es\/contactar\/ferias-y-eventos\/#breadcrumb","itemListElement":[{"@type":"ListItem","position":1,"name":"Home","item":"https:\/\/rierge.com\/"},{"@type":"ListItem","position":2,"name":"Contactar","item":"https:\/\/rierge.com\/es\/contactar\/"},{"@type":"ListItem","position":3,"name":"Ferias y Eventos"}]},{"@type":"WebSite","@id":"https:\/\/rierge.com\/en\/#website","url":"https:\/\/rierge.com\/en\/","name":"RIERGE","description":"","publisher":{"@id":"https:\/\/rierge.com\/en\/#organization"},"potentialAction":[{"@type":"SearchAction","target":{"@type":"EntryPoint","urlTemplate":"https:\/\/rierge.com\/en\/?s={search_term_string}"},"query-input":{"@type":"PropertyValueSpecification","valueRequired":true,"valueName":"search_term_string"}}],"inLanguage":"ca"},{"@type":"Organization","@id":"https:\/\/rierge.com\/en\/#organization","name":"Rierge","url":"https:\/\/rierge.com\/en\/","logo":{"@type":"ImageObject","inLanguage":"ca","@id":"https:\/\/rierge.com\/en\/#\/schema\/logo\/image\/","url":"https:\/\/rierge.com\/wp-content\/uploads\/2017\/06\/logo-rierge-desde-1954.jpg","contentUrl":"https:\/\/rierge.com\/wp-content\/uploads\/2017\/06\/logo-rierge-desde-1954.jpg","width":180,"height":50,"caption":"Rierge"},"image":{"@id":"https:\/\/rierge.com\/en\/#\/schema\/logo\/image\/"}}]}},"_links":{"self":[{"href":"https:\/\/rierge.com\/ca\/wp-json\/wp\/v2\/pages\/1539","targetHints":{"allow":["GET"]}}],"collection":[{"href":"https:\/\/rierge.com\/ca\/wp-json\/wp\/v2\/pages"}],"about":[{"href":"https:\/\/rierge.com\/ca\/wp-json\/wp\/v2\/types\/page"}],"author":[{"embeddable":true,"href":"https:\/\/rierge.com\/ca\/wp-json\/wp\/v2\/users\/1"}],"replies":[{"embeddable":true,"href":"https:\/\/rierge.com\/ca\/wp-json\/wp\/v2\/comments?post=1539"}],"version-history":[{"count":0,"href":"https:\/\/rierge.com\/ca\/wp-json\/wp\/v2\/pages\/1539\/revisions"}],"up":[{"embeddable":true,"href":"https:\/\/rierge.com\/ca\/wp-json\/wp\/v2\/pages\/212"}],"wp:featuredmedia":[{"embeddable":true,"href":"https:\/\/rierge.com\/ca\/wp-json\/wp\/v2\/media\/4692"}],"wp:attachment":[{"href":"https:\/\/rierge.com\/ca\/wp-json\/wp\/v2\/media?parent=1539"}],"curies":[{"name":"wp","href":"https:\/\/api.w.org\/{rel}","templated":true}]}}